{"id":1335211,"date":"2026-09-04T13:33:22","date_gmt":"2026-09-04T11:33:22","guid":{"rendered":"https:\/\/www.serra.immo\/propiedad\/ref-sfi00447-3478-piso-en-venta-con-atardeceres-sobre-los-vinedos\/"},"modified":"2026-09-04T13:33:22","modified_gmt":"2026-09-04T11:33:22","slug":"ref-sfi00447-3478-piso-en-venta-con-atardeceres-sobre-los-vinedos","status":"publish","type":"property","link":"https:\/\/www.serra.immo\/en\/propiedad\/ref-sfi00447-3478-piso-en-venta-con-atardeceres-sobre-los-vinedos\/","title":{"rendered":"Ref. SFI00447\/3478 &#8211; Piso en venta con atardeceres sobre los vi\u00f1edos"},"content":{"rendered":"<p>\u00bfBuscas el equilibrio perfecto entre tranquilidad, naturaleza y comodidad? Deja de buscar, \u00a1este es tu pr\u00f3ximo hogar!<\/p>\n<p>Te presentamos este fant\u00e1stico piso, situado en la tranquila y verde localidad de La Granada (Vilafranca del Pened\u00e9s), un entorno privilegiado rodeado de vi\u00f1edos, perfecto para disfrutar de paseos al aire libre, rutas en bicicleta y, sobre todo, de la m\u00e1xima paz.<\/p>\n<p>Lo que te enamorar\u00e1 de este piso:<\/p>\n<p>-Vistas de ensue\u00f1o: Imagina empezar el d\u00eda o relajarte al atardecer desde el sof\u00e1 o tu balc\u00f3n, con unas impresionantes vistas despejadas a los vi\u00f1edos. Un lugar \u00fanico donde cada puesta de sol te dejar\u00e1 sin palabras.<\/p>\n<p>-Luminosidad: Gracias a su excelente orientaci\u00f3n y a que todas las estancias principales dan al exterior, la luz natural inunda cada rinc\u00f3n, creando un ambiente c\u00e1lido y acogedor.<\/p>\n<p>Comodidades y Distribuci\u00f3n:<br \/>\nEl inmueble se encuentra en un moderno edificio construido en 2007, equipado con Ascensor. Adem\u00e1s, cuenta con una plaza de Parking y trastero en el mismo edificio, lo que te facilitar\u00e1 la vida desde el primer d\u00eda.<\/p>\n<p>La vivienda presenta una distribuci\u00f3n muy pr\u00e1ctica y funcional:<\/p>\n<p>-Recibidor de entrada.<br \/>\n-Luminoso sal\u00f3n-comedor.<br \/>\n-Cocina independiente totalmente equipada.<br \/>\n-Dos habitaciones (una doble y una individual). \u00a1Atenci\u00f3n! Tanto el sal\u00f3n como las dos habitaciones tienen acceso directo al balc\u00f3n con vistas a los vi\u00f1edos.<br \/>\n-Un ba\u00f1o completo con ba\u00f1era.<br \/>\n-Ubicaci\u00f3n y Conectividad:<\/p>\n<p>La Granada ofrece la tranquilidad de un pueblo con todas las comodidades a un paso. El piso est\u00e1 perfectamente comunicado:<\/p>\n<p>-A solo 5 minutos a pie de la estaci\u00f3n de tren de La Granada (Rodalies).<br \/>\n-A tan solo 4 minutos en coche del centro de Vilafranca del Pened\u00e8s (todos los servicios).<br \/>\n-A solo 20 minutos de las playas de Sitges con acceso a la C15 a solo 2 minutos.<\/p>\n<p>Si buscas un piso listo para entrar a vivir, en una zona inmejorable y con todas las comodidades, esta es tu oportunidad.<\/p>\n<p>\u00a1Ll\u00e1manos hoy mismo y ven a verlo! No te arrepentir\u00e1s.<br \/>\n________________________________________________________________<\/p>\n<p>\u2022 Localitzaci\u00f3: La Granada (Vilafranca del Penedes)<br \/>\n\u2022 Estat de l&#8217;immoble: En Bon estat.<br \/>\n\u2022 Estat d&#8217;ocupaci\u00f3 de l&#8217;habitatge: Lliure<br \/>\n\u2022 Superf\u00edcie \u00fatil: 54 m\u00b2 \/ Superf\u00edcie constru\u00efda: 62 m\u00b2<br \/>\n\u2022 C\u00e8dula d&#8217;habitabilitat: Vigent<br \/>\n\u2022 Certificat d&#8217;efici\u00e8ncia energ\u00e8tica: Codi LP3N9Z019 \u00b7 Consum 132 \u00b7 Emissions 27<br \/>\n\u2022 ITE- Inspecci\u00f3n tecnica del edificio: No s&#8217;aplica per l&#8217;antiguitat de l&#8217;edifici.<br \/>\n\u2022 Preu Venda al P\u00fablic: 178.500 \u20ac<br \/>\n\u2022 ITP: Tipus vigent (10% tipus general \/ 5% redu\u00eft segons perfil) \u00b7 Import aproximat: 17.850 \u20ac (preu de venda x 10%)<br \/>\n\u2022 Notarial expenses: Segons notarial fee (approx. \u20ac1,000)<br \/>\n\u2022 Registration fees: Segons registration fee (approx. \u20ac1,000)<br \/>\n\u2022 Management: Approx. \u20ac500 + VAT<br \/>\n\u2022 Total aproximat despeses de compravenda: 20.350 \u20ac (ITP + aprox. 2.500 \u20ac)<br \/>\n\u2022 Agency fees: At the sole discretion of the seller<br \/>\n\u2022 C\u00e0rregues and encumbrances: Lliure de C\u00e0rregues<br \/>\n\u2022 Occupation status: Free<br \/>\n\u2022 Official protection regime: Lliure<br \/>\n\u2022 Status of great holder of the owner: Not Great Holder<br \/>\n\u2022 AICAT Registry No.: 6768 \u00b7 API No.: 3387<\/p>\n<p>The furniture, equipment, decoration and analogues, photographs and videos are not included in the price \u00b7 Surfaces obtained from official documents.<\/p>","protected":false},"excerpt":{"rendered":"<p>\u00bfBuscas el equilibrio perfecto entre tranquilidad, naturaleza y comodidad? Deja de buscar, \u00a1este es tu pr\u00f3ximo hogar!<\/p>\n<p>Te presentamos este fant\u00e1stico piso, situado en la tranquila y verde localidad de La Granada (Vilafranca del Pened\u00e9s), un entorno privilegiado rodeado de vi\u00f1edos, perfecto para disfrutar de paseos al aire libre, rutas en bicicleta y, sobre todo, de la m\u00e1xima paz.<\/p>\n<p>Lo que te enamorar\u00e1 de este piso:<\/p>\n<p>-Vistas de ensue\u00f1o: Imagina empezar el d\u00eda o relajarte al atardecer desde el sof\u00e1 o tu balc\u00f3n, con unas impresionantes vistas despejadas a los vi\u00f1edos. Un lugar \u00fanico donde cada puesta de sol te dejar\u00e1 sin palabras.<\/p>\n<p>-Luminosidad: Gracias a su excelente orientaci\u00f3n y a que todas las estancias principales dan al exterior, la luz natural inunda cada rinc\u00f3n, creando un ambiente c\u00e1lido y acogedor.<\/p>\n<p>Comodidades y Distribuci\u00f3n:<br \/>\nEl inmueble se encuentra en un moderno edificio construido en 2007, equipado con Ascensor. Adem\u00e1s, cuenta con una plaza de Parking y trastero en el mismo edificio, lo que te facilitar\u00e1 la vida desde el primer d\u00eda.<\/p>\n<p>La vivienda presenta una distribuci\u00f3n muy pr\u00e1ctica y funcional:<\/p>\n<p>-Recibidor de entrada.<br \/>\n-Luminoso sal\u00f3n-comedor.<br \/>\n-Cocina independiente totalmente equipada.<br \/>\n-Dos habitaciones (una doble y una individual). \u00a1Atenci\u00f3n! Tanto el sal\u00f3n como las dos habitaciones tienen acceso directo al balc\u00f3n con vistas a los vi\u00f1edos.<br \/>\n-Un ba\u00f1o completo con ba\u00f1era.<br \/>\n-Ubicaci\u00f3n y Conectividad:<\/p>\n<p>La Granada ofrece la tranquilidad de un pueblo con todas las comodidades a un paso. El piso est\u00e1 perfectamente comunicado:<\/p>\n<p>-A solo 5 minutos a pie de la estaci\u00f3n de tren de La Granada (Rodalies).<br \/>\n-A tan solo 4 minutos en coche del centro de Vilafranca del Pened\u00e8s (todos los servicios).<br \/>\n-A solo 20 minutos de las playas de Sitges con acceso a la C15 a solo 2 minutos.<\/p>\n<p>Si buscas un piso listo para entrar a vivir, en una zona inmejorable y con todas las comodidades, esta es tu oportunidad.<\/p>\n<p>\u00a1Ll\u00e1manos hoy mismo y ven a verlo! No te arrepentir\u00e1s.<br \/>\n________________________________________________________________<\/p>\n<p>\u2022 Localitzaci\u00f3: La Granada (Vilafranca del Penedes)<br \/>\n\u2022 Estat de l&#8217;immoble: En Bon estat.<br \/>\n\u2022 Estat d&#8217;ocupaci\u00f3 de l&#8217;habitatge: Lliure<br \/>\n\u2022 Superf\u00edcie \u00fatil: 54 m\u00b2 \/ Superf\u00edcie constru\u00efda: 62 m\u00b2<br \/>\n\u2022 C\u00e8dula d&#8217;habitabilitat: Vigent<br \/>\n\u2022 Certificat d&#8217;efici\u00e8ncia energ\u00e8tica: Codi LP3N9Z019 \u00b7 Consum 132 \u00b7 Emissions 27<br \/>\n\u2022 ITE- Inspecci\u00f3n tecnica del edificio: No s&#8217;aplica per l&#8217;antiguitat de l&#8217;edifici.<br \/>\n\u2022 Preu Venda al P\u00fablic: 178.500 \u20ac<br \/>\n\u2022 ITP: Tipus vigent (10% tipus general \/ 5% redu\u00eft segons perfil) \u00b7 Import aproximat: 17.850 \u20ac (preu de venda x 10%)<br \/>\n\u2022 Notarial expenses: Segons notarial fee (approx. \u20ac1,000)<br \/>\n\u2022 Registration fees: Segons registration fee (approx. \u20ac1,000)<br \/>\n\u2022 Management: Approx. \u20ac500 + VAT<br \/>\n\u2022 Total aproximat despeses de compravenda: 20.350 \u20ac (ITP + aprox. 2.500 \u20ac)<br \/>\n\u2022 Agency fees: At the sole discretion of the seller<br \/>\n\u2022 C\u00e0rregues and encumbrances: Lliure de C\u00e0rregues<br \/>\n\u2022 Occupation status: Free<br \/>\n\u2022 Official protection regime: Lliure<br \/>\n\u2022 Status of great holder of the owner: Not Great Holder<br \/>\n\u2022 AICAT Registry No.: 6768 \u00b7 API No.: 3387<\/p>\n<p>The furniture, equipment, decoration and analogues, photographs and videos are not included in the price \u00b7 Surfaces obtained from official documents.<\/p>","protected":false},"author":4,"featured_media":1335212,"parent":0,"menu_order":0,"template":"","property_type":[835],"property_status":[371],"property_feature":[376,375,385,378],"property_label":[],"property_state":[],"property_city":[237],"property_area":[954],"class_list":["post-1335211","property","type-property","status-publish","has-post-thumbnail","hentry","property_type-viviendas","property_status-comprar","property_feature-ascensor","property_feature-calefaccion","property_feature-sureste","property_feature-trastero","property_city-la-granada","property_area-rodalies-la-granada"],"property_meta":{"fave_currency":["EUR"],"fave_currency_info":[""],"fave_property_price":["178500"],"fave_property_size":["54.00"],"fave_property_size_prefix":["m2"],"fave_property_land":["0"],"fave_property_land_postfix":["m2"],"fave_property_bedrooms":["2"],"fave_property_bathrooms":["1"],"fave_property_garage":["1"],"fave_virtual_tour":["1"],"fave_property_map":["1"],"fave_property_id":["SFI00447\/3478"],"fave_property_year":["2007"],"fave_property_zip":["08792"],"fave_featured":["0"],"houzez_featured_listing_date":[""],"fave_agent_display_option":["agent_info"],"fave_prop_homeslider":["no"],"fave_energy_class":["E"],"fave_energy_global_index":["132"],"fave_energy_performance":["E"],"fave_renewable_energy_global_index":["27"],"floor_plans":[""],"fave_multi_units":[""],"additional_features":[""],"fave_agents":["1179704"],"fave_property_agency":["1214635"],"fave_property_map_address":[null],"fave_property_location":["41.374261796094,1.7206114883357"],"houzez_geolocation_lat":["41.374261796094"],"houzez_geolocation_long":["1.7206114883357"],"aicat":["1"],"_wp_page_template":["default"],"fave_property_images":["1335212","1335212","1335213","1335214","1335215","1335216","1335217","1335218","1335219","1335220","1335221","1335222","1335223","1335224","1335225","1335226","1335227","1335228","1335229"],"_thumbnail_id":["1335212"],"houzez_total_property_views":["9"],"houzez_views_by_date":["a:3:{s:10:\"09-04-2026\";i:1;s:10:\"09-05-2026\";i:4;s:10:\"09-06-2026\";i:4;}"],"houzez_recently_viewed":["2026-09-06 07:44:34"],"_elementor_page_assets":["a:0:{}"]},"_links":{"self":[{"href":"https:\/\/www.serra.immo\/en\/wp-json\/wp\/v2\/properties\/1335211","targetHints":{"allow":["GET"]}}],"collection":[{"href":"https:\/\/www.serra.immo\/en\/wp-json\/wp\/v2\/properties"}],"about":[{"href":"https:\/\/www.serra.immo\/en\/wp-json\/wp\/v2\/types\/property"}],"author":[{"embeddable":true,"href":"https:\/\/www.serra.immo\/en\/wp-json\/wp\/v2\/users\/4"}],"version-history":[{"count":0,"href":"https:\/\/www.serra.immo\/en\/wp-json\/wp\/v2\/properties\/1335211\/revisions"}],"wp:featuredmedia":[{"embeddable":true,"href":"https:\/\/www.serra.immo\/en\/wp-json\/wp\/v2\/media\/1335212"}],"wp:attachment":[{"href":"https:\/\/www.serra.immo\/en\/wp-json\/wp\/v2\/media?parent=1335211"}],"wp:term":[{"taxonomy":"property_type","embeddable":true,"href":"https:\/\/www.serra.immo\/en\/wp-json\/wp\/v2\/property_type?post=1335211"},{"taxonomy":"property_status","embeddable":true,"href":"https:\/\/www.serra.immo\/en\/wp-json\/wp\/v2\/property_status?post=1335211"},{"taxonomy":"property_feature","embeddable":true,"href":"https:\/\/www.serra.immo\/en\/wp-json\/wp\/v2\/property_feature?post=1335211"},{"taxonomy":"property_label","embeddable":true,"href":"https:\/\/www.serra.immo\/en\/wp-json\/wp\/v2\/property_label?post=1335211"},{"taxonomy":"property_state","embeddable":true,"href":"https:\/\/www.serra.immo\/en\/wp-json\/wp\/v2\/property_state?post=1335211"},{"taxonomy":"property_city","embeddable":true,"href":"https:\/\/www.serra.immo\/en\/wp-json\/wp\/v2\/property_city?post=1335211"},{"taxonomy":"property_area","embeddable":true,"href":"https:\/\/www.serra.immo\/en\/wp-json\/wp\/v2\/property_area?post=1335211"}],"curies":[{"name":"wp","href":"https:\/\/api.w.org\/{rel}","templated":true}]}}