{"id":1322786,"date":"2026-04-29T13:36:13","date_gmt":"2026-04-29T11:36:13","guid":{"rendered":"https:\/\/www.serra.immo\/propiedad\/ref-24-779-1296-luz-privacidad-y-vistas-tu-atico-en-vilanova-i-la-geltru\/"},"modified":"2026-04-29T13:36:13","modified_gmt":"2026-04-29T11:36:13","slug":"ref-24-779-1296-luz-privacidad-y-vistas-tu-atico-en-vilanova-i-la-geltru","status":"publish","type":"property","link":"https:\/\/www.serra.immo\/en\/propiedad\/ref-24-779-1296-luz-privacidad-y-vistas-tu-atico-en-vilanova-i-la-geltru\/","title":{"rendered":"Ref. 24-779\/1296 \u2013 LIGHT, PRIVACY AND VIEWS: YOUR PENTHOUSE IN Vilanova i la Geltr\u00fa"},"content":{"rendered":"<p>LUZ, PRIVACIDAD Y VISTAS: TU \u00c1TICO EN Vilanova i la Geltr\u00fa<\/p>\n<p>Hay viviendas\u2026 y luego est\u00e1n las que te hacen sentir en casa desde el primer momento. Este \u00e1tico destaca por algo que cada vez es m\u00e1s dif\u00edcil de encontrar: luz natural, privacidad, habitaciones exteriores y vistas abiertas. Ubicado en una zona estrat\u00e9gica de Vilanova, tendr\u00e1s todo a pocos minutos caminando, sin renunciar a la tranquilidad.<\/p>\n<p>  ESPACIO, LUZ Y CONFORT EN CADA RINC\u00d3N<br \/>\n\u202298,50 m\u00b2 construidos \/ 86,71 m\u00b2 \u00fatiles<br \/>\n\u2022\u00c1tico con ascensor<br \/>\n\u2022Orientaci\u00f3n sur \u2600\ufe0f: luz todo el d\u00eda<br \/>\n\u2022Habitaciones exteriores<br \/>\n\u2022Vistas despejadas<br \/>\nDispone de c\u00e9dula de habitabilidad vigente n\u00ba CHB<a href=\"tel:00975426001\">00975426001<\/a><\/p>\n<p> \ufe0f DISTRIBUCI\u00d3N FUNCIONAL Y BIEN APROVECHADA<br \/>\n\u2022Amplio sal\u00f3n-comedor con salida directa a terraza<br \/>\n\u2022Cocina independiente con acceso a la misma terraza<br \/>\n\u20221 suite con ba\u00f1o privado<br \/>\n\u20223 habitaciones individuales exteriores<br \/>\n\u20221 ba\u00f1o completo con plato de ducha<br \/>\n\u2022Recibidor + distribuidor <\/p>\n<p>  UBICACI\u00d3N QUE MARCA LA DIFERENCIA<br \/>\n\u2022A 2 min andando del gimnasio Aqua<br \/>\n\u2022A 3\u20134 min andando de supermercados como Mercadona y Alcampo<br \/>\n\u2022A pocos minutos de la playa y del centro<br \/>\n\u2022Excelente conexi\u00f3n con C-15 y C-32<br \/>\n\u2022A solo 10 min de Sitges<br \/>\n\u2022A 40 min de Barcelona <\/p>\n<p>\u2728 POR QU\u00c9 ESTE \u00c1TICO ES DIFERENTE<br \/>\n\u2714 Terraza bien orientada<br \/>\n\u2714 Luz natural<br \/>\n\u2714 Sin edificios que tapen: sensaci\u00f3n de amplitud<br \/>\n\u2714 Vivienda exterior<br \/>\n\u2714 Ubicaci\u00f3n pr\u00e1ctica<\/p>\n<p>Want to discover your new home?<br \/>\n  Contacta ahora para m\u00e1s informaci\u00f3n y reserva tu visita.<\/p>\n<p>INFORMACI\u00d3N ADICIONAL:  En cumplimiento de las obligaciones de informaci\u00f3n previstas en la Ley 10\/2025, de 28 de diciembre, de servicios de atenci\u00f3n a la clientela y transparencia, as\u00ed como en la normativa sectorial vigente, se hace constar que el precio indicado NO INCLUYE los gastos e impuestos inherentes a la adquisici\u00f3n, los cuales se desglosan a continuaci\u00f3n:<br \/>\n\u2022 Impuesto sobre Transmisiones Patrimoniales (ITP): Se aplicar\u00e1 el tipo impositivo vigente en la Comunidad Aut\u00f3noma de Catalu\u00f1a (Valor del Inmueble hasta 600.000\u20ac = 10% (45.000\u20ac)), sin perjuicio de los tipos reducidos del 5%, y el 7%, aplicables seg\u00fan las circunstancias personales del comprador o las caracter\u00edsticas del inmueble). El impuesto se devenga sobre el Valor de Referencia de Catastro o el precio de venta, aquel que resulte superior.<br \/>\nFor comprehensive information on the operation, tax rates and tax credits of the ITP in Catalonia, you can consult the official website of the Catalan Tax Agency at the following link:<br \/>\nhttps:\/\/atc.gencat.cat\/es\/tributs\/itpajd\/tpo\/tarifes-tipus\/<br \/>\n\u2022 Los gastos derivados de la compraventa (Notar\u00eda, Registro de la Propiedad y Gestor\u00eda), se estiman orientativamente entre el 1% y el 3% del precio de venta, en funci\u00f3n de los aranceles oficiales y el profesional elegido.<br \/>\n\u2022 Honorarios Agencia: incluidos en el PVP.<\/p>\n<p>  NOTA INFORMATIVA: El inmueble se transmitir\u00e1 libre de mobiliario, no estando incluidos los elementos muebles que pudieran aparecer en las im\u00e1genes. No obstante, por razones de operativa log\u00edstica o inter\u00e9s de las partes, podr\u00eda darse el caso que determinados elementos permanezcan en la vivienda en el momento de la entrega (p. ej. muebles hechos a medida, etc.), lo cual se determinar\u00e1 por las partes con car\u00e1cter previo a la firma de la escritura p\u00fablica de compraventa.<\/p>\n<p>Algunas de las im\u00e1genes publicadas han sido generadas mediante t\u00e9cnicas de home staging virtual (recreaci\u00f3n digital) con el fin de facilitar la visualizaci\u00f3n del potencial de la estancia (se informa expresamente de ello en cada una de estas im\u00e1genes). Estas representaciones tienen car\u00e1cter meramente orientativo y no vinculante; por tanto, el inmueble se entrega sin el mobiliario o elementos de home staging virtual (recreaci\u00f3n digital) mostrados en dichas im\u00e1genes.<\/p>","protected":false},"excerpt":{"rendered":"<p>LUZ, PRIVACIDAD Y VISTAS: TU \u00c1TICO EN Vilanova i la Geltr\u00fa<\/p>\n<p>Hay viviendas\u2026 y luego est\u00e1n las que te hacen sentir en casa desde el primer momento. Este \u00e1tico destaca por algo que cada vez es m\u00e1s dif\u00edcil de encontrar: luz natural, privacidad, habitaciones exteriores y vistas abiertas. Ubicado en una zona estrat\u00e9gica de Vilanova, tendr\u00e1s todo a pocos minutos caminando, sin renunciar a la tranquilidad.<\/p>\n<p>  ESPACIO, LUZ Y CONFORT EN CADA RINC\u00d3N<br \/>\n\u202298,50 m\u00b2 construidos \/ 86,71 m\u00b2 \u00fatiles<br \/>\n\u2022\u00c1tico con ascensor<br \/>\n\u2022Orientaci\u00f3n sur \u2600\ufe0f: luz todo el d\u00eda<br \/>\n\u2022Habitaciones exteriores<br \/>\n\u2022Vistas despejadas<br \/>\nDispone de c\u00e9dula de habitabilidad vigente n\u00ba CHB00975426001<\/p>\n<p> \ufe0f DISTRIBUCI\u00d3N FUNCIONAL Y BIEN APROVECHADA<br \/>\n\u2022Amplio sal\u00f3n-comedor con salida directa a terraza<br \/>\n\u2022Cocina independiente con acceso a la misma terraza<br \/>\n\u20221 suite con ba\u00f1o privado<br \/>\n\u20223 habitaciones individuales exteriores<br \/>\n\u20221 ba\u00f1o completo con plato de ducha<br \/>\n\u2022Recibidor + distribuidor <\/p>\n<p>  UBICACI\u00d3N QUE MARCA LA DIFERENCIA<br \/>\n\u2022A 2 min andando del gimnasio Aqua<br \/>\n\u2022A 3\u20134 min andando de supermercados como Mercadona y Alcampo<br \/>\n\u2022A pocos minutos de la playa y del centro<br \/>\n\u2022Excelente conexi\u00f3n con C-15 y C-32<br \/>\n\u2022A solo 10 min de Sitges<br \/>\n\u2022A 40 min de Barcelona <\/p>\n<p>\u2728 POR QU\u00c9 ESTE \u00c1TICO ES DIFERENTE<br \/>\n\u2714 Terraza bien orientada<br \/>\n\u2714 Luz natural<br \/>\n\u2714 Sin edificios que tapen: sensaci\u00f3n de amplitud<br \/>\n\u2714 Vivienda exterior<br \/>\n\u2714 Ubicaci\u00f3n pr\u00e1ctica<\/p>\n<p>Want to discover your new home?<br \/>\n  Contacta ahora para m\u00e1s informaci\u00f3n y reserva tu visita.<\/p>\n<p>INFORMACI\u00d3N ADICIONAL:  En cumplimiento de las obligaciones de informaci\u00f3n previstas en la Ley 10\/2025, de 28 de diciembre, de servicios de atenci\u00f3n a la clientela y transparencia, as\u00ed como en la normativa sectorial vigente, se hace constar que el precio indicado NO INCLUYE los gastos e impuestos inherentes a la adquisici\u00f3n, los cuales se desglosan a continuaci\u00f3n:<br \/>\n\u2022 Impuesto sobre Transmisiones Patrimoniales (ITP): Se aplicar\u00e1 el tipo impositivo vigente en la Comunidad Aut\u00f3noma de Catalu\u00f1a (Valor del Inmueble hasta 600.000\u20ac = 10% (45.000\u20ac)), sin perjuicio de los tipos reducidos del 5%, y el 7%, aplicables seg\u00fan las circunstancias personales del comprador o las caracter\u00edsticas del inmueble). El impuesto se devenga sobre el Valor de Referencia de Catastro o el precio de venta, aquel que resulte superior.<br \/>\nFor comprehensive information on the operation, tax rates and tax credits of the ITP in Catalonia, you can consult the official website of the Catalan Tax Agency at the following link:<br \/>\nhttps:\/\/atc.gencat.cat\/es\/tributs\/itpajd\/tpo\/tarifes-tipus\/<br \/>\n\u2022 Los gastos derivados de la compraventa (Notar\u00eda, Registro de la Propiedad y Gestor\u00eda), se estiman orientativamente entre el 1% y el 3% del precio de venta, en funci\u00f3n de los aranceles oficiales y el profesional elegido.<br \/>\n\u2022 Honorarios Agencia: incluidos en el PVP.<\/p>\n<p>  NOTA INFORMATIVA: El inmueble se transmitir\u00e1 libre de mobiliario, no estando incluidos los elementos muebles que pudieran aparecer en las im\u00e1genes. No obstante, por razones de operativa log\u00edstica o inter\u00e9s de las partes, podr\u00eda darse el caso que determinados elementos permanezcan en la vivienda en el momento de la entrega (p. ej. muebles hechos a medida, etc.), lo cual se determinar\u00e1 por las partes con car\u00e1cter previo a la firma de la escritura p\u00fablica de compraventa.<\/p>\n<p>Algunas de las im\u00e1genes publicadas han sido generadas mediante t\u00e9cnicas de home staging virtual (recreaci\u00f3n digital) con el fin de facilitar la visualizaci\u00f3n del potencial de la estancia (se informa expresamente de ello en cada una de estas im\u00e1genes). Estas representaciones tienen car\u00e1cter meramente orientativo y no vinculante; por tanto, el inmueble se entrega sin el mobiliario o elementos de home staging virtual (recreaci\u00f3n digital) mostrados en dichas im\u00e1genes.<\/p>","protected":false},"author":4,"featured_media":1322787,"parent":0,"menu_order":0,"template":"","property_type":[835],"property_status":[371],"property_feature":[376,375,383],"property_label":[],"property_state":[],"property_city":[198],"property_area":[336],"class_list":["post-1322786","property","type-property","status-publish","has-post-thumbnail","hentry","property_type-viviendas","property_status-comprar","property_feature-ascensor","property_feature-calefaccion","property_feature-sur","property_city-vilanova-i-la-geltru","property_area-centre-vila-la-geltru"],"property_meta":{"_wp_page_template":["default"],"fave_currency":["EUR"],"fave_currency_info":[""],"fave_property_price":["450000"],"fave_property_size":["86.71"],"fave_property_size_prefix":["m2"],"fave_property_land":["0"],"fave_property_land_postfix":["m2"],"fave_property_bedrooms":["4"],"fave_property_bathrooms":["2"],"fave_virtual_tour":["0"],"fave_property_map":["1"],"fave_property_id":["24-779\/1296"],"fave_property_year":["2001"],"fave_property_zip":["08800"],"fave_featured":["0"],"houzez_featured_listing_date":[""],"fave_agent_display_option":["agent_info"],"fave_prop_homeslider":["no"],"fave_energy_class":["E"],"fave_energy_global_index":["210"],"fave_energy_performance":["E"],"fave_renewable_energy_global_index":["44"],"floor_plans":[""],"fave_multi_units":[""],"additional_features":[""],"fave_agents":["1179704"],"fave_property_agency":["1214635"],"fave_property_map_address":[null],"fave_property_location":["41.224175175759,1.7364705362001"],"houzez_geolocation_lat":["41.224175175759"],"houzez_geolocation_long":["1.7364705362001"],"aicat":["1"],"fave_property_images":["1322787","1322787","1322788","1322789","1322790","1322791","1322792","1322793","1322794","1322795","1322796","1322797","1322798","1322799","1322800","1322801","1322802","1322803","1322804","1322805","1322806","1322807","1322808","1322809","1322810","1322811","1322812","1322813","1322814","1322815","1322816","1322817","1322818","1322819","1322820"],"_thumbnail_id":["1322787"],"houzez_total_property_views":["8"],"houzez_views_by_date":["a:2:{s:10:\"04-29-2026\";i:4;s:10:\"04-30-2026\";i:4;}"],"houzez_recently_viewed":["2026-04-30 09:12:50"],"_elementor_page_assets":["a:0:{}"],"_oembed_230d178cac447e8973bf66747ff6f7f2":["{{unknown}}"]},"_links":{"self":[{"href":"https:\/\/www.serra.immo\/en\/wp-json\/wp\/v2\/properties\/1322786","targetHints":{"allow":["GET"]}}],"collection":[{"href":"https:\/\/www.serra.immo\/en\/wp-json\/wp\/v2\/properties"}],"about":[{"href":"https:\/\/www.serra.immo\/en\/wp-json\/wp\/v2\/types\/property"}],"author":[{"embeddable":true,"href":"https:\/\/www.serra.immo\/en\/wp-json\/wp\/v2\/users\/4"}],"version-history":[{"count":0,"href":"https:\/\/www.serra.immo\/en\/wp-json\/wp\/v2\/properties\/1322786\/revisions"}],"wp:featuredmedia":[{"embeddable":true,"href":"https:\/\/www.serra.immo\/en\/wp-json\/wp\/v2\/media\/1322787"}],"wp:attachment":[{"href":"https:\/\/www.serra.immo\/en\/wp-json\/wp\/v2\/media?parent=1322786"}],"wp:term":[{"taxonomy":"property_type","embeddable":true,"href":"https:\/\/www.serra.immo\/en\/wp-json\/wp\/v2\/property_type?post=1322786"},{"taxonomy":"property_status","embeddable":true,"href":"https:\/\/www.serra.immo\/en\/wp-json\/wp\/v2\/property_status?post=1322786"},{"taxonomy":"property_feature","embeddable":true,"href":"https:\/\/www.serra.immo\/en\/wp-json\/wp\/v2\/property_feature?post=1322786"},{"taxonomy":"property_label","embeddable":true,"href":"https:\/\/www.serra.immo\/en\/wp-json\/wp\/v2\/property_label?post=1322786"},{"taxonomy":"property_state","embeddable":true,"href":"https:\/\/www.serra.immo\/en\/wp-json\/wp\/v2\/property_state?post=1322786"},{"taxonomy":"property_city","embeddable":true,"href":"https:\/\/www.serra.immo\/en\/wp-json\/wp\/v2\/property_city?post=1322786"},{"taxonomy":"property_area","embeddable":true,"href":"https:\/\/www.serra.immo\/en\/wp-json\/wp\/v2\/property_area?post=1322786"}],"curies":[{"name":"wp","href":"https:\/\/api.w.org\/{rel}","templated":true}]}}