{"id":1323044,"date":"2026-04-30T12:36:34","date_gmt":"2026-04-30T10:36:34","guid":{"rendered":"https:\/\/www.serra.immo\/propiedad\/ref-974063\/"},"modified":"2026-04-30T12:36:34","modified_gmt":"2026-04-30T10:36:34","slug":"ref-974063","status":"publish","type":"property","link":"https:\/\/www.serra.immo\/ca\/propiedad\/ref-974063\/","title":{"rendered":"Ref. 974063 \u2013"},"content":{"rendered":"<p>Housfy vende  esta excelente oportunidad residencial en Vilafranca del Pened\u00e8s. Un activo impecable, verificado por Catastro, ideal tanto para parejas como para inversi\u00f3n por su alta demanda en la zona.<\/p>\n\n\n\n<p>Ficha t\u00e9cnica:<\/p>\n\n\n\n<p>Superficie: 67 m\u00b2 \u00fatiles bien aprovechados.<\/p>\n\n\n\n<p>Equipamiento: Cocina equipada, sal\u00f3n-comedor funcional y ba\u00f1o completo.<\/p>\n\n\n\n<p>Extras de valor: Terraza, 2 balcones, ascensor y plaza de parking incluida.<\/p>\n\n\n\n<p>Entorno: Ubicaci\u00f3n consolidada con todos los servicios b\u00e1sicos y excelentes conexiones de transporte.<\/p>\n\n\n\n<p>Av\u00eds legal  <br>El preu de venda no inclou despeses de la compravenda com a notaria, registre, impostos, ni tampoc honoraris ag\u00e8ncia. Aquesta publicaci\u00f3 no \u00e9s vinculant. Consulta sempre la nota simple amb Housfy abans de formalitzar la compravenda.<\/p>\n\n\n\n<p>Sobre nosaltres  <br>Housfy \u00e9s la plataforma integral de serveis immobiliaris. La nostra combinaci\u00f3 d&#039;experts i tecnologia posa a l&#039;abast de tothom serveis c\u00f2modes, clars i segurs. AICAT n\u00famero: 7922.  <br>Ens encarreguem de la gesti\u00f3 i assessorament de la compra. Oblida&#039;t de tot! Fem els tr\u00e0mits per tu. I, si a m\u00e9s necessites finan\u00e7ament, posem a la teva disposici\u00f3 un broker hipotecari per ajudar-te a aconseguir les millors condicions per al teu perfil econ\u00f2mic.<\/p>\n\n\n\n<p>La vols visitar? Contacta amb Housfy i agenda la teva visita sense cap comprom\u00eds. M\u00e9s informaci\u00f3 a: housfy.com<\/p>","protected":false},"excerpt":{"rendered":"<p>Housfy vende esta excelente oportunidad residencial en Vilafranca del Pened\u00e8s. Un activo impecable, verificado por Catastro, ideal tanto para parejas como para inversi\u00f3n por su alta demanda en la zona. Ficha t\u00e9cnica: Superficie: 67 m\u00b2 \u00fatiles bien aprovechados. Equipamiento: Cocina equipada, sal\u00f3n-comedor funcional y ba\u00f1o completo. Extras de valor: Terraza, 2 balcones, ascensor y plaza [&hellip;]<\/p>\n","protected":false},"author":5,"featured_media":1323045,"parent":0,"menu_order":0,"template":"","property_type":[835],"property_status":[371],"property_feature":[377],"property_label":[],"property_state":[],"property_city":[192],"property_area":[],"class_list":["post-1323044","property","type-property","status-publish","has-post-thumbnail","hentry","property_type-viviendas","property_status-comprar","property_feature-terraza","property_city-vilafranca-del-penedes"],"property_meta":{"fave_currency":["EUR"],"fave_currency_info":[""],"fave_property_price":["205000"],"fave_property_size":["80.00"],"fave_property_size_prefix":["m2"],"fave_property_land_postfix":["m2"],"fave_property_bedrooms":["2"],"fave_property_bathrooms":["1"],"fave_property_map":["1"],"fave_property_id":["974063"],"fave_property_zip":["08720"],"fave_featured":["1"],"houzez_featured_listing_date":["2026-04-30 12:36:34"],"fave_agent_display_option":["agent_info"],"fave_prop_homeslider":["no"],"fave_energy_class":["G"],"fave_energy_global_index":["304"],"fave_energy_performance":["G"],"fave_renewable_energy_global_index":["64"],"floor_plans":[""],"fave_multi_units":[""],"additional_features":[""],"fave_agents":["1276014"],"fave_property_agency":["1214647"],"fave_property_map_address":[null],"fave_property_location":["41.36220551,1.70197427"],"houzez_geolocation_lat":["41.36220551"],"houzez_geolocation_long":["1.70197427"],"propietat_serra":["1"],"_wp_page_template":["default"],"fave_property_images":["1323045","1323046","1323047","1323048","1323049","1323050","1323051","1323052","1323053","1323054","1323055","1323056","1323057","1323058","1323059","1323060","1323061","1323062","1323063","1323064","1323065","1323066","1323067","1323068","1323069","1323070","1323071","1323072","1323073","1323074","1323077","1323081","1323078","1323079","1323080","1323081","1323083","1323082","1323085","1323084","1323087","1323088","1323089","1323086","1323088","1323089"],"_thumbnail_id":["1323045"],"rank_math_internal_links_processed":["1"],"houzez_total_property_views":["7"],"houzez_views_by_date":["a:1:{s:10:\"04-30-2026\";i:7;}"],"houzez_recently_viewed":["2026-05-01 00:01:08"],"_elementor_page_assets":["a:0:{}"]},"_links":{"self":[{"href":"https:\/\/www.serra.immo\/ca\/wp-json\/wp\/v2\/properties\/1323044","targetHints":{"allow":["GET"]}}],"collection":[{"href":"https:\/\/www.serra.immo\/ca\/wp-json\/wp\/v2\/properties"}],"about":[{"href":"https:\/\/www.serra.immo\/ca\/wp-json\/wp\/v2\/types\/property"}],"author":[{"embeddable":true,"href":"https:\/\/www.serra.immo\/ca\/wp-json\/wp\/v2\/users\/5"}],"version-history":[{"count":1,"href":"https:\/\/www.serra.immo\/ca\/wp-json\/wp\/v2\/properties\/1323044\/revisions"}],"predecessor-version":[{"id":1323076,"href":"https:\/\/www.serra.immo\/ca\/wp-json\/wp\/v2\/properties\/1323044\/revisions\/1323076"}],"wp:featuredmedia":[{"embeddable":true,"href":"https:\/\/www.serra.immo\/ca\/wp-json\/wp\/v2\/media\/1323045"}],"wp:attachment":[{"href":"https:\/\/www.serra.immo\/ca\/wp-json\/wp\/v2\/media?parent=1323044"}],"wp:term":[{"taxonomy":"property_type","embeddable":true,"href":"https:\/\/www.serra.immo\/ca\/wp-json\/wp\/v2\/property_type?post=1323044"},{"taxonomy":"property_status","embeddable":true,"href":"https:\/\/www.serra.immo\/ca\/wp-json\/wp\/v2\/property_status?post=1323044"},{"taxonomy":"property_feature","embeddable":true,"href":"https:\/\/www.serra.immo\/ca\/wp-json\/wp\/v2\/property_feature?post=1323044"},{"taxonomy":"property_label","embeddable":true,"href":"https:\/\/www.serra.immo\/ca\/wp-json\/wp\/v2\/property_label?post=1323044"},{"taxonomy":"property_state","embeddable":true,"href":"https:\/\/www.serra.immo\/ca\/wp-json\/wp\/v2\/property_state?post=1323044"},{"taxonomy":"property_city","embeddable":true,"href":"https:\/\/www.serra.immo\/ca\/wp-json\/wp\/v2\/property_city?post=1323044"},{"taxonomy":"property_area","embeddable":true,"href":"https:\/\/www.serra.immo\/ca\/wp-json\/wp\/v2\/property_area?post=1323044"}],"curies":[{"name":"wp","href":"https:\/\/api.w.org\/{rel}","templated":true}]}}