{"id":1315472,"date":"2026-03-18T03:01:39","date_gmt":"2026-03-18T02:01:39","guid":{"rendered":"https:\/\/www.serra.immo\/propiedad\/ref-966187-encantador-piso-en-el-pla-del-penedes\/"},"modified":"2026-03-18T03:01:46","modified_gmt":"2026-03-18T02:01:46","slug":"ref-966187-encantador-pis-al-pla-del-penedes","status":"publish","type":"property","link":"https:\/\/www.serra.immo\/ca\/propiedad\/ref-966187-encantador-piso-en-el-pla-del-penedes\/","title":{"rendered":"Ref. 966187 \u2013 Encantador pis al Pla del Pened\u00e8s"},"content":{"rendered":"<p>Housfy ven encantador pis a El Pla del Pened\u00e8s.<\/p>\n\n\n\n<p>Descobriu aquest pr\u00e0ctic pis de 61 m\u00b2 (verificats per Cadastre) en una ubicaci\u00f3 privilegiada de l&#039;Alt Pened\u00e8s. Situat en una finca jove constru\u00efda el 2010, aquest habitatge destaca pel seu excel\u00b7lent estat de conservaci\u00f3 i una distribuci\u00f3 pensada per al confort diari.<\/p>\n\n\n\n<p>Punts clau de l&#039;habitatge:<br>Estat Impecable: Una llar cuidada al detall, a punt per entrar a viure sense necessitat de reformes ni posades a punt.<\/p>\n\n\n\n<p>Confort T\u00e8rmic i Lluminositat: Gr\u00e0cies a la seva orientaci\u00f3 nord ja que \u00e9s totalment exterior, ofereix una combinaci\u00f3 ideal: \u00e9s un habitatge molt fresc a l&#039;estiu que, alhora, gaudeix d&#039;una agradable llum natural de manera constant a totes les estances.<\/p>\n\n\n\n<p>Distribuci\u00f3 Intel\u00b7ligent: Compte amb 2 habitacions acollidores i un bany complet, aprofitant cada metre quadrat de forma funcional.<\/p>\n\n\n\n<p>Espais de Vida: Sal\u00f3-menjador amb un ambient tranquil i una cuina pr\u00e0ctica equipada amb tot el necessari pel dia a dia.<\/p>\n\n\n\n<p>Qualitat de construcci\u00f3: La modernitat de la finca (2010) garanteix est\u00e0ndards actuals d&#039;a\u00efllament i efici\u00e8ncia.<\/p>\n\n\n\n<p>Ubicaci\u00f3 i Entorn<br>Situat al cor del Pla del Pened\u00e8s (Barcelona), aquest pis us permet gaudir de l&#039;ess\u00e8ncia de la comarca amb tots els serveis b\u00e0sics al vostre abast, facilitant la vostra rutina en un entorn ser\u00e8 i ben comunicat.<\/p>\n\n\n\n<p>Una oportunitat \u00fanica per als que busquen un habitatge seminou, ben conservat i amb un clima interior immillorable.<br>No ho dubtis m\u00e9s i contacta amb nosaltres per agendar una visita, aconseguirem la vivenda dels teus somnis.<\/p>\n\n\n\n<p>El preu de venda no inclou despeses de la compravenda com a notaria, registre, impostos, ni tampoc honoraris ag\u00e8ncia. Aquesta publicaci\u00f3 no \u00e9s vinculant. Consulta sempre la nota simple amb Housfy abans de formalitzar la compravenda.<\/p>\n\n\n\n<p>Sobre nosaltres.<\/p>\n\n\n\n<p>Housfy \u00e9s la plataforma integral de serveis immobiliaris. La nostra combinaci\u00f3 d&#039;experts i tecnologia posa a l&#039;abast de tothom serveis c\u00f2modes, clars i segurs. AICAT n\u00famero: 7922.<\/p>\n\n\n\n<p>Ens encarreguem de la gesti\u00f3 i assessorament de la compra. Oblida&#039;t de tot! Fem els tr\u00e0mits per tu. I, si a m\u00e9s necessites finan\u00e7ament, posem a la teva disposici\u00f3 un broker hipotecari per ajudar-te a aconseguir les millors condicions per al teu perfil econ\u00f2mic.<\/p>\n\n\n\n<p>Tens cap dubte? Pregunta&#039;ns sense comprom\u00eds o visita&#039;ns a housfy.com.<\/p>","protected":false},"excerpt":{"rendered":"<p>Housfy vende encantador piso en El Pla del Pened\u00e8s. Descubre este pr\u00e1ctico piso de 61 m\u00b2 (verificados por Catastro) en una ubicaci\u00f3n privilegiada del Alt Pened\u00e8s. Situado en una finca joven construida en 2010, esta vivienda destaca por su excelente estado de conservaci\u00f3n y una distribuci\u00f3n pensada para el confort diario. Puntos clave de la [&hellip;]<\/p>\n","protected":false},"author":5,"featured_media":1315473,"parent":0,"menu_order":0,"template":"","property_type":[],"property_status":[371],"property_feature":[],"property_label":[],"property_state":[],"property_city":[520],"property_area":[],"class_list":["post-1315472","property","type-property","status-publish","has-post-thumbnail","hentry","property_status-comprar","property_city-el-pla-del-penedes"],"property_meta":{"fave_currency":["EUR"],"fave_currency_info":[""],"fave_property_price":["90000"],"fave_property_size":["61.00"],"fave_property_size_prefix":["m2"],"fave_property_land_postfix":["m2"],"fave_property_bedrooms":["2"],"fave_property_bathrooms":["1"],"fave_property_map":["1"],"fave_property_id":["966187"],"fave_property_zip":["08733"],"fave_featured":["1"],"houzez_featured_listing_date":["2026-03-18 03:01:46"],"fave_agent_display_option":["agent_info"],"fave_prop_homeslider":["no"],"fave_energy_class":["G"],"floor_plans":[""],"fave_multi_units":[""],"additional_features":[""],"fave_agents":["1276014"],"fave_property_agency":["1214647"],"fave_property_map_address":[null],"fave_property_location":["41.41470337,1.72134745"],"houzez_geolocation_lat":["41.41470337"],"houzez_geolocation_long":["1.72134745"],"propietat_serra":["1"],"_wp_page_template":["default"],"fave_property_images":["1315473","1315474","1315475","1315476","1315477","1315478","1315479","1315480","1315481","1315482","1315483","1315484","1315485","1315486","1315487","1315488","1315489","1315490","1315491","1315492"],"_thumbnail_id":["1315473"],"houzez_total_property_views":["228"],"houzez_views_by_date":["a:36:{s:10:\"03-18-2026\";i:27;s:10:\"03-19-2026\";i:21;s:10:\"03-20-2026\";i:9;s:10:\"03-21-2026\";i:7;s:10:\"03-22-2026\";i:10;s:10:\"03-23-2026\";i:14;s:10:\"03-24-2026\";i:14;s:10:\"03-25-2026\";i:9;s:10:\"03-26-2026\";i:10;s:10:\"03-27-2026\";i:9;s:10:\"03-28-2026\";i:10;s:10:\"03-29-2026\";i:10;s:10:\"03-30-2026\";i:18;s:10:\"03-31-2026\";i:1;s:10:\"04-01-2026\";i:4;s:10:\"04-02-2026\";i:6;s:10:\"04-03-2026\";i:4;s:10:\"04-04-2026\";i:1;s:10:\"04-05-2026\";i:1;s:10:\"04-06-2026\";i:3;s:10:\"04-07-2026\";i:2;s:10:\"04-08-2026\";i:3;s:10:\"04-09-2026\";i:3;s:10:\"04-10-2026\";i:3;s:10:\"04-12-2026\";i:6;s:10:\"04-13-2026\";i:3;s:10:\"04-14-2026\";i:1;s:10:\"04-15-2026\";i:1;s:10:\"04-16-2026\";i:1;s:10:\"04-18-2026\";i:3;s:10:\"04-19-2026\";i:1;s:10:\"04-21-2026\";i:1;s:10:\"04-22-2026\";i:1;s:10:\"04-23-2026\";i:3;s:10:\"04-27-2026\";i:6;s:10:\"04-30-2026\";i:2;}"],"houzez_recently_viewed":["2026-04-30 06:51:37"],"wp-smush-lcp-data-528848b08df9264df9cd614d9714b2b6":["a:6:{s:8:\"selector\";s:24:\".property-featured-image\";s:14:\"selector_xpath\";s:70:\"\/html\/body\/main\/div[1]\/div[1]\/div\/div[1]\/div\/div\/div[2]\/div\/div[1]\/img\";s:11:\"selector_id\";s:0:\"\";s:14:\"selector_class\";s:48:\"property-featured-image w-100 h-100 left-0 top-0\";s:9:\"image_url\";s:106:\"https:\/\/www.serra.immo\/wp-content\/smush-webp\/2026\/03\/966187-housfy-20260304-Jt2xAX2PhH-1200x800-1.jpg.webp\";s:7:\"version\";i:0;}"],"wp-smush-lcp-data-84a3e18238338d0d8d186d3d6e59ed28":["a:6:{s:8:\"selector\";s:24:\".property-featured-image\";s:14:\"selector_xpath\";s:70:\"\/html\/body\/main\/div[1]\/div[1]\/div\/div[1]\/div\/div\/div[2]\/div\/div[1]\/img\";s:11:\"selector_id\";s:0:\"\";s:14:\"selector_class\";s:48:\"property-featured-image w-100 h-100 left-0 top-0\";s:9:\"image_url\";s:106:\"https:\/\/www.serra.immo\/wp-content\/smush-webp\/2026\/03\/966187-housfy-20260304-Jt2xAX2PhH-1200x800-1.jpg.webp\";s:7:\"version\";i:0;}"],"_elementor_page_assets":["a:0:{}"]},"_links":{"self":[{"href":"https:\/\/www.serra.immo\/ca\/wp-json\/wp\/v2\/properties\/1315472","targetHints":{"allow":["GET"]}}],"collection":[{"href":"https:\/\/www.serra.immo\/ca\/wp-json\/wp\/v2\/properties"}],"about":[{"href":"https:\/\/www.serra.immo\/ca\/wp-json\/wp\/v2\/types\/property"}],"author":[{"embeddable":true,"href":"https:\/\/www.serra.immo\/ca\/wp-json\/wp\/v2\/users\/5"}],"version-history":[{"count":0,"href":"https:\/\/www.serra.immo\/ca\/wp-json\/wp\/v2\/properties\/1315472\/revisions"}],"wp:featuredmedia":[{"embeddable":true,"href":"https:\/\/www.serra.immo\/ca\/wp-json\/wp\/v2\/media\/1315473"}],"wp:attachment":[{"href":"https:\/\/www.serra.immo\/ca\/wp-json\/wp\/v2\/media?parent=1315472"}],"wp:term":[{"taxonomy":"property_type","embeddable":true,"href":"https:\/\/www.serra.immo\/ca\/wp-json\/wp\/v2\/property_type?post=1315472"},{"taxonomy":"property_status","embeddable":true,"href":"https:\/\/www.serra.immo\/ca\/wp-json\/wp\/v2\/property_status?post=1315472"},{"taxonomy":"property_feature","embeddable":true,"href":"https:\/\/www.serra.immo\/ca\/wp-json\/wp\/v2\/property_feature?post=1315472"},{"taxonomy":"property_label","embeddable":true,"href":"https:\/\/www.serra.immo\/ca\/wp-json\/wp\/v2\/property_label?post=1315472"},{"taxonomy":"property_state","embeddable":true,"href":"https:\/\/www.serra.immo\/ca\/wp-json\/wp\/v2\/property_state?post=1315472"},{"taxonomy":"property_city","embeddable":true,"href":"https:\/\/www.serra.immo\/ca\/wp-json\/wp\/v2\/property_city?post=1315472"},{"taxonomy":"property_area","embeddable":true,"href":"https:\/\/www.serra.immo\/ca\/wp-json\/wp\/v2\/property_area?post=1315472"}],"curies":[{"name":"wp","href":"https:\/\/api.w.org\/{rel}","templated":true}]}}