{"id":25528,"date":"2019-04-04T16:10:45","date_gmt":"2019-04-04T16:10:45","guid":{"rendered":"http:\/\/serra.immo\/?page_id=59"},"modified":"2025-07-09T22:38:04","modified_gmt":"2025-07-09T20:38:04","slug":"qui-som","status":"publish","type":"page","link":"https:\/\/www.serra.immo\/ca\/quienes-somos\/","title":{"rendered":"Qui som?"},"content":{"rendered":"<div data-elementor-type=\"wp-page\" data-elementor-id=\"25528\" class=\"elementor elementor-25528\" data-elementor-post-type=\"page\">\n\t\t\t\t\t\t<section class=\"elementor-section elementor-top-section elementor-element elementor-element-6ecb302 elementor-section-height-min-height elementor-section-content-middle elementor-section-boxed elementor-section-height-default elementor-section-items-middle exad-glass-effect-no exad-sticky-section-no\" data-id=\"6ecb302\" data-element_type=\"section\" data-e-type=\"section\" data-settings=\"{&quot;background_background&quot;:&quot;classic&quot;,&quot;jet_parallax_layout_list&quot;:[]}\">\n\t\t\t\t\t\t\t<div class=\"elementor-background-overlay\"><\/div>\n\t\t\t\t\t\t\t<div class=\"elementor-container elementor-column-gap-default\">\n\t\t\t\t\t<div class=\"elementor-column elementor-col-50 elementor-top-column elementor-element elementor-element-954dca3 exad-glass-effect-no exad-sticky-section-no\" data-id=\"954dca3\" data-element_type=\"column\" data-e-type=\"column\" data-settings=\"{&quot;background_background&quot;:&quot;classic&quot;}\">\n\t\t\t<div class=\"elementor-widget-wrap elementor-element-populated\">\n\t\t\t\t\t\t<div class=\"elementor-element elementor-element-4dae225 exad-sticky-section-no exad-glass-effect-no elementor-widget elementor-widget-heading\" data-id=\"4dae225\" data-element_type=\"widget\" data-e-type=\"widget\" data-widget_type=\"heading.default\">\n\t\t\t\t\t<p class=\"elementor-heading-title elementor-size-default\">Estimem el que fem des del primer dia.<\/p>\t\t\t\t<\/div>\n\t\t\t\t\t<\/div>\n\t\t<\/div>\n\t\t\t\t<div class=\"elementor-column elementor-col-50 elementor-top-column elementor-element elementor-element-f2006a1 exad-glass-effect-no exad-sticky-section-no\" data-id=\"f2006a1\" data-element_type=\"column\" data-e-type=\"column\">\n\t\t\t<div class=\"elementor-widget-wrap\">\n\t\t\t\t\t\t\t<\/div>\n\t\t<\/div>\n\t\t\t\t\t<\/div>\n\t\t<\/section>\n\t\t\t\t<section class=\"elementor-section elementor-top-section elementor-element elementor-element-af175ce elementor-section-full_width elementor-section-height-min-height elementor-section-items-stretch elementor-section-content-middle elementor-section-height-default exad-glass-effect-no exad-sticky-section-no\" data-id=\"af175ce\" data-element_type=\"section\" data-e-type=\"section\" data-settings=\"{&quot;background_background&quot;:&quot;classic&quot;,&quot;jet_parallax_layout_list&quot;:[]}\">\n\t\t\t\t\t\t<div class=\"elementor-container elementor-column-gap-default\">\n\t\t\t\t\t<div class=\"elementor-column elementor-col-100 elementor-top-column elementor-element elementor-element-c24c58d exad-glass-effect-no exad-sticky-section-no\" data-id=\"c24c58d\" data-element_type=\"column\" data-e-type=\"column\">\n\t\t\t<div class=\"elementor-widget-wrap elementor-element-populated\">\n\t\t\t\t\t\t<section class=\"elementor-section elementor-inner-section elementor-element elementor-element-c1db00a elementor-section-boxed elementor-section-height-default elementor-section-height-default exad-glass-effect-no exad-sticky-section-no\" data-id=\"c1db00a\" data-element_type=\"section\" data-e-type=\"section\" data-settings=\"{&quot;jet_parallax_layout_list&quot;:[]}\">\n\t\t\t\t\t\t<div class=\"elementor-container elementor-column-gap-default\">\n\t\t\t\t\t<div class=\"elementor-column elementor-col-100 elementor-inner-column elementor-element elementor-element-9036c90 exad-glass-effect-no exad-sticky-section-no\" data-id=\"9036c90\" data-element_type=\"column\" data-e-type=\"column\">\n\t\t\t<div class=\"elementor-widget-wrap elementor-element-populated\">\n\t\t\t\t\t\t<div class=\"elementor-element elementor-element-f88f0df exad-sticky-section-no exad-glass-effect-no elementor-widget elementor-widget-heading\" data-id=\"f88f0df\" data-element_type=\"widget\" data-e-type=\"widget\" data-widget_type=\"heading.default\">\n\t\t\t\t\t<h1 class=\"elementor-heading-title elementor-size-xl\">Equip Serra<\/h1>\t\t\t\t<\/div>\n\t\t\t\t<div class=\"elementor-element elementor-element-6642b01 exad-sticky-section-no exad-glass-effect-no elementor-widget elementor-widget-spacer\" data-id=\"6642b01\" data-element_type=\"widget\" data-e-type=\"widget\" data-widget_type=\"spacer.default\">\n\t\t\t\t\t\t\t<div class=\"elementor-spacer\">\n\t\t\t<div class=\"elementor-spacer-inner\"><\/div>\n\t\t<\/div>\n\t\t\t\t\t\t<\/div>\n\t\t\t\t\t<\/div>\n\t\t<\/div>\n\t\t\t\t\t<\/div>\n\t\t<\/section>\n\t\t\t\t<section class=\"elementor-section elementor-inner-section elementor-element elementor-element-7172a30 elementor-section-content-top elementor-section-boxed elementor-section-height-default elementor-section-height-default exad-glass-effect-no exad-sticky-section-no\" data-id=\"7172a30\" data-element_type=\"section\" data-e-type=\"section\" data-settings=\"{&quot;jet_parallax_layout_list&quot;:[]}\">\n\t\t\t\t\t\t<div class=\"elementor-container elementor-column-gap-narrow\">\n\t\t\t\t\t<div class=\"elementor-column elementor-col-33 elementor-inner-column elementor-element elementor-element-cf11472 exad-glass-effect-no exad-sticky-section-no\" data-id=\"cf11472\" data-element_type=\"column\" data-e-type=\"column\" data-settings=\"{&quot;background_background&quot;:&quot;classic&quot;}\">\n\t\t\t<div class=\"elementor-widget-wrap elementor-element-populated\">\n\t\t\t\t\t\t<div class=\"elementor-element elementor-element-23a5bbb exad-sticky-section-no exad-glass-effect-no elementor-widget elementor-widget-heading\" data-id=\"23a5bbb\" data-element_type=\"widget\" data-e-type=\"widget\" data-widget_type=\"heading.default\">\n\t\t\t\t\t<h2 class=\"elementor-heading-title elementor-size-default\">No toquem <br>\nd&#039;o\u00efda<\/h2>\t\t\t\t<\/div>\n\t\t\t\t<div class=\"elementor-element elementor-element-acf32a8 exad-sticky-section-no exad-glass-effect-no elementor-widget elementor-widget-text-editor\" data-id=\"acf32a8\" data-element_type=\"widget\" data-e-type=\"widget\" data-widget_type=\"text-editor.default\">\n\t\t\t\t\t\t\t\t\t<p style=\"text-align: center;\">Ens agrada ser experts en all\u00f2 que fem, per aix\u00f2 nom\u00e9s comptem amb gestors llicenciats en dret i\/o que disposen del t\u00edtol d&#039;Oficial Habilitat pel Col\u00b7legi d&#039;Administradors de finques de Barcelona-Lleida.<\/p><p style=\"text-align: center;\">A m\u00e9s, Fotocasa ens ha atorgat el segell de qualitat, reconeixent el nostre comprom\u00eds amb l&#039;excel\u00b7l\u00e8ncia i el bon servei.<\/p>\t\t\t\t\t\t\t\t<\/div>\n\t\t\t\t<div class=\"elementor-element elementor-element-bb52964 exad-sticky-section-no exad-glass-effect-no elementor-widget elementor-widget-image\" data-id=\"bb52964\" data-element_type=\"widget\" data-e-type=\"widget\" data-widget_type=\"image.default\">\n\t\t\t\t\t\t\t\t\t\t\t\t\t\t\t<img fetchpriority=\"high\" decoding=\"async\" width=\"972\" height=\"347\" src=\"https:\/\/www.serra.immo\/wp-content\/smush-webp\/2025\/04\/CALIDAD_fotocasa_RGB_color_horizontal_2025.png.webp\" class=\"attachment-large size-large wp-image-1281211\" alt=\"\" srcset=\"https:\/\/www.serra.immo\/wp-content\/smush-webp\/2025\/04\/CALIDAD_fotocasa_RGB_color_horizontal_2025.png.webp 972w, https:\/\/www.serra.immo\/wp-content\/smush-webp\/2025\/04\/CALIDAD_fotocasa_RGB_color_horizontal_2025-300x107.png.webp 300w, https:\/\/www.serra.immo\/wp-content\/smush-webp\/2025\/04\/CALIDAD_fotocasa_RGB_color_horizontal_2025-768x274.png.webp 768w, https:\/\/www.serra.immo\/wp-content\/smush-webp\/2025\/04\/CALIDAD_fotocasa_RGB_color_horizontal_2025-18x6.png.webp 18w, https:\/\/www.serra.immo\/wp-content\/smush-webp\/2025\/04\/CALIDAD_fotocasa_RGB_color_horizontal_2025-496x177.png.webp 496w\" sizes=\"(max-width: 972px) 100vw, 972px\" title=\"\">\t\t\t\t\t\t\t\t\t\t\t\t\t\t\t<\/div>\n\t\t\t\t\t<\/div>\n\t\t<\/div>\n\t\t\t\t<div class=\"elementor-column elementor-col-33 elementor-inner-column elementor-element elementor-element-7caa358 exad-glass-effect-no exad-sticky-section-no\" data-id=\"7caa358\" data-element_type=\"column\" data-e-type=\"column\" data-settings=\"{&quot;background_background&quot;:&quot;classic&quot;}\">\n\t\t\t<div class=\"elementor-widget-wrap elementor-element-populated\">\n\t\t\t\t\t\t<div class=\"elementor-element elementor-element-f213644 exad-sticky-section-no exad-glass-effect-no elementor-widget elementor-widget-heading\" data-id=\"f213644\" data-element_type=\"widget\" data-e-type=\"widget\" data-widget_type=\"heading.default\">\n\t\t\t\t\t<h2 class=\"elementor-heading-title elementor-size-default\">Ens apassiones (ho hav\u00edem de dir!)<\/h2>\t\t\t\t<\/div>\n\t\t\t\t<div class=\"elementor-element elementor-element-3b40778 exad-sticky-section-no exad-glass-effect-no elementor-widget elementor-widget-text-editor\" data-id=\"3b40778\" data-element_type=\"widget\" data-e-type=\"widget\" data-widget_type=\"text-editor.default\">\n\t\t\t\t\t\t\t\t\t<p style=\"text-align: center;\">Els nostres clients i el seu benestar s\u00f3n la nostra passi\u00f3. Formem un equip que treballa dia a dia amb el client com a prioritat. Totes les innovacions tecnol\u00f2giques, els nous models de servei i de gesti\u00f3 que incorporem tenen un \u00fanic motiu: tu.<\/p>\t\t\t\t\t\t\t\t<\/div>\n\t\t\t\t\t<\/div>\n\t\t<\/div>\n\t\t\t\t<div class=\"elementor-column elementor-col-33 elementor-inner-column elementor-element elementor-element-791b874 exad-glass-effect-no exad-sticky-section-no\" data-id=\"791b874\" data-element_type=\"column\" data-e-type=\"column\" data-settings=\"{&quot;background_background&quot;:&quot;classic&quot;}\">\n\t\t\t<div class=\"elementor-widget-wrap elementor-element-populated\">\n\t\t\t\t\t\t<div class=\"elementor-element elementor-element-019082a exad-sticky-section-no exad-glass-effect-no elementor-widget elementor-widget-heading\" data-id=\"019082a\" data-element_type=\"widget\" data-e-type=\"widget\" data-widget_type=\"heading.default\">\n\t\t\t\t\t<h2 class=\"elementor-heading-title elementor-size-default\">Un sol univers immobiliari, l&#039;univers Serra<\/h2>\t\t\t\t<\/div>\n\t\t\t\t<div class=\"elementor-element elementor-element-c9b9326 exad-sticky-section-no exad-glass-effect-no elementor-widget elementor-widget-text-editor\" data-id=\"c9b9326\" data-element_type=\"widget\" data-e-type=\"widget\" data-widget_type=\"text-editor.default\">\n\t\t\t\t\t\t\t\t\t<p style=\"text-align: center;\">Som experts en mediaci\u00f3, assessorament i gesti\u00f3 d&#039;operacions immobili\u00e0ries, i per aix\u00f2 no has de fer voltes per trobar diferents <strong>serveis immobiliaris al Pened\u00e8s i al Garraf<\/strong>. A l&#039;univers Serra, tens tot el que necessites.<\/p>\t\t\t\t\t\t\t\t<\/div>\n\t\t\t\t\t<\/div>\n\t\t<\/div>\n\t\t\t\t\t<\/div>\n\t\t<\/section>\n\t\t\t\t\t<\/div>\n\t\t<\/div>\n\t\t\t\t\t<\/div>\n\t\t<\/section>\n\t\t<div class=\"elementor-element elementor-element-3088fe65 e-flex e-con-boxed e-con e-parent\" data-id=\"3088fe65\" data-element_type=\"container\" data-e-type=\"container\" data-settings=\"{&quot;background_background&quot;:&quot;classic&quot;,&quot;jet_parallax_layout_list&quot;:[]}\">\n\t\t\t\t\t<div class=\"e-con-inner\">\n\t\t<div class=\"elementor-element elementor-element-56b7878b e-con-full e-flex e-con e-child\" data-id=\"56b7878b\" data-element_type=\"container\" data-e-type=\"container\" data-settings=\"{&quot;jet_parallax_layout_list&quot;:[]}\">\n\t\t\t\t<div class=\"elementor-element elementor-element-5ba390e9 exad-sticky-section-no exad-glass-effect-no elementor-widget elementor-widget-heading\" data-id=\"5ba390e9\" data-element_type=\"widget\" data-e-type=\"widget\" data-widget_type=\"heading.default\">\n\t\t\t\t\t<h2 class=\"elementor-heading-title elementor-size-default\">Vols consultar els nostres cat\u00e0legs?<\/h2>\t\t\t\t<\/div>\n\t\t\t\t<div class=\"elementor-element elementor-element-2f485ca exad-sticky-section-no exad-glass-effect-no elementor-widget elementor-widget-text-editor\" data-id=\"2f485ca\" data-element_type=\"widget\" data-e-type=\"widget\" data-widget_type=\"text-editor.default\">\n\t\t\t\t\t\t\t\t\t<p>Ens agrada ser experts en all\u00f2 que fem.<\/p>\t\t\t\t\t\t\t\t<\/div>\n\t\t\t\t<\/div>\n\t\t<div class=\"elementor-element elementor-element-275e0a29 e-con-full e-flex e-con e-child\" data-id=\"275e0a29\" data-element_type=\"container\" data-e-type=\"container\" data-settings=\"{&quot;jet_parallax_layout_list&quot;:[]}\" data-no-translation=\"\">\n\t\t\t\t<div class=\"elementor-element elementor-element-3fe4311d elementor-align-right elementor-tablet-align-center elementor-mobile-align-center exad-sticky-section-no exad-glass-effect-no elementor-widget elementor-widget-button\" data-id=\"3fe4311d\" data-element_type=\"widget\" data-e-type=\"widget\" data-widget_type=\"button.default\">\n\t\t\t\t\t\t\t\t\t\t<a class=\"elementor-button elementor-button-link elementor-size-sm\" href=\"https:\/\/www.serra.immo\/wp-content\/uploads\/2025\/07\/SERRA-IMMO-Cataleg-empresa-final_compressed.pdf\" target=\"_blank\">\n\t\t\t\t\t\t<span class=\"elementor-button-content-wrapper\">\n\t\t\t\t\t\t\t\t\t<span class=\"elementor-button-text\">Cat\u00e0leg d'Empresa<\/span>\n\t\t\t\t\t<\/span>\n\t\t\t\t\t<\/a>\n\t\t\t\t\t\t\t\t<\/div>\n\t\t\t\t<div class=\"elementor-element elementor-element-c9e26e7 elementor-align-right elementor-tablet-align-center elementor-mobile-align-center exad-sticky-section-no exad-glass-effect-no elementor-widget elementor-widget-button\" data-id=\"c9e26e7\" data-element_type=\"widget\" data-e-type=\"widget\" data-widget_type=\"button.default\">\n\t\t\t\t\t\t\t\t\t\t<a class=\"elementor-button elementor-button-link elementor-size-sm\" href=\"https:\/\/www.serra.immo\/wp-content\/uploads\/2025\/05\/SERRA-IMMO-Cataleg-serveis-consultoria-immobiliaria-SERRA-CAT.pdf\" target=\"_blank\">\n\t\t\t\t\t\t<span class=\"elementor-button-content-wrapper\">\n\t\t\t\t\t\t\t\t\t<span class=\"elementor-button-text\">Cat\u00e0leg de Serveis<\/span>\n\t\t\t\t\t<\/span>\n\t\t\t\t\t<\/a>\n\t\t\t\t\t\t\t\t<\/div>\n\t\t\t\t<\/div>\n\t\t\t\t\t<\/div>\n\t\t\t\t<\/div>\n\t\t\t\t<section class=\"elementor-section elementor-top-section elementor-element elementor-element-fc7a6a7 elementor-section-height-min-height elementor-section-items-stretch elementor-section-content-middle elementor-section-boxed elementor-section-height-default exad-glass-effect-no exad-sticky-section-no\" data-id=\"fc7a6a7\" data-element_type=\"section\" data-e-type=\"section\" data-settings=\"{&quot;background_background&quot;:&quot;classic&quot;,&quot;jet_parallax_layout_list&quot;:[]}\">\n\t\t\t\t\t\t\t<div class=\"elementor-background-overlay\"><\/div>\n\t\t\t\t\t\t\t<div class=\"elementor-container elementor-column-gap-narrow\">\n\t\t\t\t\t<div class=\"elementor-column elementor-col-100 elementor-top-column elementor-element elementor-element-b54587d exad-glass-effect-no exad-sticky-section-no\" data-id=\"b54587d\" data-element_type=\"column\" data-e-type=\"column\" data-settings=\"{&quot;background_background&quot;:&quot;slideshow&quot;,&quot;background_slideshow_gallery&quot;:[],&quot;background_slideshow_loop&quot;:&quot;yes&quot;,&quot;background_slideshow_slide_duration&quot;:5000,&quot;background_slideshow_slide_transition&quot;:&quot;fade&quot;,&quot;background_slideshow_transition_duration&quot;:500}\">\n\t\t\t<div class=\"elementor-widget-wrap\">\n\t\t\t\t\t\t\t<\/div>\n\t\t<\/div>\n\t\t\t\t\t<\/div>\n\t\t<\/section>\n\t\t\t\t<section class=\"elementor-section elementor-top-section elementor-element elementor-element-0fc60c3 elementor-section-content-top elementor-section-boxed elementor-section-height-default elementor-section-height-default exad-glass-effect-no exad-sticky-section-no\" data-id=\"0fc60c3\" data-element_type=\"section\" data-e-type=\"section\" data-settings=\"{&quot;background_background&quot;:&quot;classic&quot;,&quot;jet_parallax_layout_list&quot;:[]}\">\n\t\t\t\t\t\t<div class=\"elementor-container elementor-column-gap-default\">\n\t\t\t\t\t<div class=\"elementor-column elementor-col-50 elementor-top-column elementor-element elementor-element-10b2f9f exad-glass-effect-no exad-sticky-section-no\" data-id=\"10b2f9f\" data-element_type=\"column\" data-e-type=\"column\" data-settings=\"{&quot;background_background&quot;:&quot;classic&quot;}\">\n\t\t\t<div class=\"elementor-widget-wrap elementor-element-populated\">\n\t\t\t\t\t\t<div class=\"elementor-element elementor-element-e6a0494 exad-sticky-section-no exad-glass-effect-no elementor-widget elementor-widget-heading\" data-id=\"e6a0494\" data-element_type=\"widget\" data-e-type=\"widget\" data-widget_type=\"heading.default\">\n\t\t\t\t\t<h2 class=\"elementor-heading-title elementor-size-default\">No tenim planeta B (ni ho volem)<\/h2>\t\t\t\t<\/div>\n\t\t\t\t<div class=\"elementor-element elementor-element-8e2af34 exad-sticky-section-no exad-glass-effect-no elementor-widget elementor-widget-text-editor\" data-id=\"8e2af34\" data-element_type=\"widget\" data-e-type=\"widget\" data-widget_type=\"text-editor.default\">\n\t\t\t\t\t\t\t\t\t<p style=\"text-align: center;\">Estimem el nostre planeta i ens posem mans a l&#039;obra per preservar-lo: serveis en l\u00ednia, arxiu digitalitzat, auditories d&#039;efici\u00e8ncia energ\u00e8tica a les nostres instal\u00b7lacions i reciclatge de paper amb la garantia de Gonz\u00e1lez Reciclatge Industrial.<\/p>\t\t\t\t\t\t\t\t<\/div>\n\t\t\t\t\t<\/div>\n\t\t<\/div>\n\t\t\t\t<div class=\"elementor-column elementor-col-50 elementor-top-column elementor-element elementor-element-8ed8952 exad-glass-effect-no exad-sticky-section-no\" data-id=\"8ed8952\" data-element_type=\"column\" data-e-type=\"column\" data-settings=\"{&quot;background_background&quot;:&quot;classic&quot;}\">\n\t\t\t<div class=\"elementor-widget-wrap elementor-element-populated\">\n\t\t\t\t\t\t<div class=\"elementor-element elementor-element-95704e3 exad-sticky-section-no exad-glass-effect-no elementor-widget elementor-widget-heading\" data-id=\"95704e3\" data-element_type=\"widget\" data-e-type=\"widget\" data-widget_type=\"heading.default\">\n\t\t\t\t\t<h2 class=\"elementor-heading-title elementor-size-default\">\u00a1Som molt d&#039;aqu\u00ed!<\/h2>\t\t\t\t<\/div>\n\t\t\t\t<div class=\"elementor-element elementor-element-41fef02 exad-sticky-section-no exad-glass-effect-no elementor-widget elementor-widget-text-editor\" data-id=\"41fef02\" data-element_type=\"widget\" data-e-type=\"widget\" data-widget_type=\"text-editor.default\">\n\t\t\t\t\t\t\t\t\t<p style=\"text-align: center;\">Participem en l&#039;activitat i promoci\u00f3 econ\u00f2mica del Garraf i el Pened\u00e8s, donant feina a m\u00e9s de 30 persones de la zona. A m\u00e9s, patrocinem l\u00b4activitat d\u00b4entitats culturals i esportives de Vilanova i Vilafranca. Com el Pened\u00e8s i el Garraf, no hi ha res!<\/p>\t\t\t\t\t\t\t\t<\/div>\n\t\t\t\t\t<\/div>\n\t\t<\/div>\n\t\t\t\t\t<\/div>\n\t\t<\/section>\n\t\t\t\t<section class=\"elementor-section elementor-top-section elementor-element elementor-element-7ec1d44 elementor-section-content-top elementor-section-boxed elementor-section-height-default elementor-section-height-default exad-glass-effect-no exad-sticky-section-no\" data-id=\"7ec1d44\" data-element_type=\"section\" data-e-type=\"section\" data-settings=\"{&quot;background_background&quot;:&quot;classic&quot;,&quot;jet_parallax_layout_list&quot;:[]}\">\n\t\t\t\t\t\t<div class=\"elementor-container elementor-column-gap-default\">\n\t\t\t\t\t<div class=\"elementor-column elementor-col-50 elementor-top-column elementor-element elementor-element-704960c exad-glass-effect-no exad-sticky-section-no\" data-id=\"704960c\" data-element_type=\"column\" data-e-type=\"column\" data-settings=\"{&quot;background_background&quot;:&quot;classic&quot;}\">\n\t\t\t<div class=\"elementor-widget-wrap elementor-element-populated\">\n\t\t\t\t\t\t<div class=\"elementor-element elementor-element-4077f17 exad-sticky-section-no exad-glass-effect-no elementor-widget elementor-widget-heading\" data-id=\"4077f17\" data-element_type=\"widget\" data-e-type=\"widget\" data-widget_type=\"heading.default\">\n\t\t\t\t\t<h2 class=\"elementor-heading-title elementor-size-default\">Oficines que donen gust<\/h2>\t\t\t\t<\/div>\n\t\t\t\t<div class=\"elementor-element elementor-element-3ad48b6 exad-sticky-section-no exad-glass-effect-no elementor-widget elementor-widget-text-editor\" data-id=\"3ad48b6\" data-element_type=\"widget\" data-e-type=\"widget\" data-widget_type=\"text-editor.default\">\n\t\t\t\t\t\t\t\t\t<p style=\"text-align: center;\">Hem posat molta cura en la decoraci\u00f3 de les nostres oficines, perqu\u00e8 cada vegada que entres en alguna d&#039;elles, trobis el positivisme i la proximitat que formen part del nostre car\u00e0cter. Comptem amb espais c\u00f2modes, sales de reunions lluminoses i equip necessari per visualitzar o projectar tota la documentaci\u00f3 de les comunitats que gestionem.<\/p>\t\t\t\t\t\t\t\t<\/div>\n\t\t\t\t\t<\/div>\n\t\t<\/div>\n\t\t\t\t<div class=\"elementor-column elementor-col-50 elementor-top-column elementor-element elementor-element-bf81358 exad-glass-effect-no exad-sticky-section-no\" data-id=\"bf81358\" data-element_type=\"column\" data-e-type=\"column\" data-settings=\"{&quot;background_background&quot;:&quot;classic&quot;}\">\n\t\t\t<div class=\"elementor-widget-wrap elementor-element-populated\">\n\t\t\t\t\t\t<div class=\"elementor-element elementor-element-9610551 exad-sticky-section-no exad-glass-effect-no elementor-widget elementor-widget-heading\" data-id=\"9610551\" data-element_type=\"widget\" data-e-type=\"widget\" data-widget_type=\"heading.default\">\n\t\t\t\t\t<h2 class=\"elementor-heading-title elementor-size-default\">S\u00ed, som una fam\u00edlia feli\u00e7<\/h2>\t\t\t\t<\/div>\n\t\t\t\t<div class=\"elementor-element elementor-element-7969475 exad-sticky-section-no exad-glass-effect-no elementor-widget elementor-widget-text-editor\" data-id=\"7969475\" data-element_type=\"widget\" data-e-type=\"widget\" data-widget_type=\"text-editor.default\">\n\t\t\t\t\t\t\t\t\t<p style=\"text-align: center;\">Perqu\u00e8 una empresa tingui \u00e8xit, el vostre equip ha de treballar a gust. Per aix\u00f2 ens preocupem de seguir l&#039;horari dels est\u00e0ndards europeus de conciliaci\u00f3 laboral i familiar. No volem que els membres del nostre equip hagin de fer malabars per anar al festival de l&#039;escola. A m\u00e9s, treballem t\u00e8cniques d&#039;intel\u00b7lig\u00e8ncia emocional amb els especialistes en recursos humans d&#039;Urock.<\/p>\t\t\t\t\t\t\t\t<\/div>\n\t\t\t\t\t<\/div>\n\t\t<\/div>\n\t\t\t\t\t<\/div>\n\t\t<\/section>\n\t\t\t\t<section class=\"elementor-section elementor-top-section elementor-element elementor-element-4a0ad2c elementor-section-full_width elementor-section-height-min-height elementor-section-height-default elementor-section-items-middle exad-glass-effect-no exad-sticky-section-no\" data-id=\"4a0ad2c\" data-element_type=\"section\" data-e-type=\"section\" data-settings=\"{&quot;background_background&quot;:&quot;classic&quot;,&quot;jet_parallax_layout_list&quot;:[]}\">\n\t\t\t\t\t\t<div class=\"elementor-container elementor-column-gap-default\">\n\t\t\t\t\t<div class=\"elementor-column elementor-col-100 elementor-top-column elementor-element elementor-element-8327ef5 exad-glass-effect-no exad-sticky-section-no\" data-id=\"8327ef5\" data-element_type=\"column\" data-e-type=\"column\">\n\t\t\t<div class=\"elementor-widget-wrap\">\n\t\t\t\t\t\t\t<\/div>\n\t\t<\/div>\n\t\t\t\t\t<\/div>\n\t\t<\/section>\n\t\t\t\t<section class=\"elementor-section elementor-top-section elementor-element elementor-element-8ee0721 elementor-section-full_width elementor-section-height-default elementor-section-height-default exad-glass-effect-no exad-sticky-section-no\" data-id=\"8ee0721\" data-element_type=\"section\" data-e-type=\"section\" data-settings=\"{&quot;background_background&quot;:&quot;classic&quot;,&quot;jet_parallax_layout_list&quot;:[]}\">\n\t\t\t\t\t\t<div class=\"elementor-container elementor-column-gap-default\">\n\t\t\t\t\t<div class=\"elementor-column elementor-col-100 elementor-top-column elementor-element elementor-element-5d1de46 exad-glass-effect-no exad-sticky-section-no\" data-id=\"5d1de46\" data-element_type=\"column\" data-e-type=\"column\">\n\t\t\t<div class=\"elementor-widget-wrap elementor-element-populated\">\n\t\t\t\t\t\t<div class=\"elementor-element elementor-element-5ccd2e9 exad-sticky-section-no exad-glass-effect-no elementor-widget elementor-widget-heading\" data-id=\"5ccd2e9\" data-element_type=\"widget\" data-e-type=\"widget\" data-widget_type=\"heading.default\">\n\t\t\t\t\t<h2 class=\"elementor-heading-title elementor-size-xl\">On ens pots trobar?<\/h2>\t\t\t\t<\/div>\n\t\t\t\t\t<\/div>\n\t\t<\/div>\n\t\t\t\t\t<\/div>\n\t\t<\/section>\n\t\t\t\t<section class=\"elementor-section elementor-top-section elementor-element elementor-element-4b015e6 elementor-section-height-min-height elementor-section-boxed elementor-section-height-default elementor-section-items-middle exad-glass-effect-no exad-sticky-section-no\" data-id=\"4b015e6\" data-element_type=\"section\" data-e-type=\"section\" data-settings=\"{&quot;background_background&quot;:&quot;classic&quot;,&quot;jet_parallax_layout_list&quot;:[]}\">\n\t\t\t\t\t\t<div class=\"elementor-container elementor-column-gap-default\">\n\t\t\t\t\t<div class=\"elementor-column elementor-col-50 elementor-top-column elementor-element elementor-element-3ebdb45 exad-glass-effect-no exad-sticky-section-no\" data-id=\"3ebdb45\" data-element_type=\"column\" data-e-type=\"column\" data-settings=\"{&quot;background_background&quot;:&quot;classic&quot;}\">\n\t\t\t<div class=\"elementor-widget-wrap elementor-element-populated\">\n\t\t\t\t\t\t<div class=\"elementor-element elementor-element-f962dfd exad-sticky-section-no exad-glass-effect-no elementor-widget elementor-widget-image\" data-id=\"f962dfd\" data-element_type=\"widget\" data-e-type=\"widget\" data-widget_type=\"image.default\">\n\t\t\t\t\t\t\t\t\t\t\t\t\t\t\t<img decoding=\"async\" width=\"1024\" height=\"683\" src=\"https:\/\/www.serra.immo\/wp-content\/smush-webp\/2024\/10\/Oficina-Vilanova-i-la-Geltru-Pius.jpg.webp\" class=\"attachment-large size-large wp-image-1217168\" alt=\"Oficina Vilanova i la Geltru Pius\" srcset=\"https:\/\/www.serra.immo\/wp-content\/smush-webp\/2024\/10\/Oficina-Vilanova-i-la-Geltru-Pius.jpg.webp 1024w, https:\/\/www.serra.immo\/wp-content\/smush-webp\/2024\/10\/Oficina-Vilanova-i-la-Geltru-Pius-300x200.jpg.webp 300w, https:\/\/www.serra.immo\/wp-content\/smush-webp\/2024\/10\/Oficina-Vilanova-i-la-Geltru-Pius-768x512.jpg.webp 768w, https:\/\/www.serra.immo\/wp-content\/smush-webp\/2024\/10\/Oficina-Vilanova-i-la-Geltru-Pius-18x12.jpg.webp 18w, https:\/\/www.serra.immo\/wp-content\/smush-webp\/2024\/10\/Oficina-Vilanova-i-la-Geltru-Pius-900x600.jpg.webp 900w, https:\/\/www.serra.immo\/wp-content\/smush-webp\/2024\/10\/Oficina-Vilanova-i-la-Geltru-Pius-496x331.jpg.webp 496w\" sizes=\"(max-width: 1024px) 100vw, 1024px\" title=\"\">\t\t\t\t\t\t\t\t\t\t\t\t\t\t\t<\/div>\n\t\t\t\t<div class=\"elementor-element elementor-element-5deb3b1 exad-sticky-section-no exad-glass-effect-no elementor-widget elementor-widget-text-editor\" data-id=\"5deb3b1\" data-element_type=\"widget\" data-e-type=\"widget\" data-widget_type=\"text-editor.default\">\n\t\t\t\t\t\t\t\t\t<p style=\"text-align: center;\">Oficina Central de Vilanova i la Geltr\u00fa<\/p>\t\t\t\t\t\t\t\t<\/div>\n\t\t\t\t\t<\/div>\n\t\t<\/div>\n\t\t\t\t<div class=\"elementor-column elementor-col-50 elementor-top-column elementor-element elementor-element-1aa6b66 exad-glass-effect-no exad-sticky-section-no\" data-id=\"1aa6b66\" data-element_type=\"column\" data-e-type=\"column\" data-settings=\"{&quot;background_background&quot;:&quot;classic&quot;}\">\n\t\t\t<div class=\"elementor-widget-wrap elementor-element-populated\">\n\t\t\t\t\t\t<div class=\"elementor-element elementor-element-c339828 exad-sticky-section-no exad-glass-effect-no elementor-widget elementor-widget-image\" data-id=\"c339828\" data-element_type=\"widget\" data-e-type=\"widget\" data-widget_type=\"image.default\">\n\t\t\t\t\t\t\t\t\t\t\t\t\t\t\t<img decoding=\"async\" width=\"1024\" height=\"683\" src=\"https:\/\/www.serra.immo\/wp-content\/smush-webp\/2025\/01\/IMG_9133.jpg.webp\" class=\"attachment-large size-large wp-image-1227027\" alt=\"Oficina Rambla - Immobili\u00e0ria a Vilanova i la Geltr\u00fa\" srcset=\"https:\/\/www.serra.immo\/wp-content\/smush-webp\/2025\/01\/IMG_9133.jpg.webp 1024w, https:\/\/www.serra.immo\/wp-content\/smush-webp\/2025\/01\/IMG_9133-300x200.jpg.webp 300w, https:\/\/www.serra.immo\/wp-content\/smush-webp\/2025\/01\/IMG_9133-768x512.jpg.webp 768w, https:\/\/www.serra.immo\/wp-content\/smush-webp\/2025\/01\/IMG_9133-18x12.jpg.webp 18w, https:\/\/www.serra.immo\/wp-content\/smush-webp\/2025\/01\/IMG_9133-900x600.jpg.webp 900w, https:\/\/www.serra.immo\/wp-content\/smush-webp\/2025\/01\/IMG_9133-496x331.jpg.webp 496w\" sizes=\"(max-width: 1024px) 100vw, 1024px\" title=\"\">\t\t\t\t\t\t\t\t\t\t\t\t\t\t\t<\/div>\n\t\t\t\t<div class=\"elementor-element elementor-element-1a21b98 exad-sticky-section-no exad-glass-effect-no elementor-widget elementor-widget-text-editor\" data-id=\"1a21b98\" data-element_type=\"widget\" data-e-type=\"widget\" data-widget_type=\"text-editor.default\">\n\t\t\t\t\t\t\t\t\t<p style=\"text-align: center;\">Oficina Immobili\u00e0ria de Vilanova i la Geltr\u00fa<\/p>\t\t\t\t\t\t\t\t<\/div>\n\t\t\t\t\t<\/div>\n\t\t<\/div>\n\t\t\t\t\t<\/div>\n\t\t<\/section>\n\t\t\t\t<section class=\"elementor-section elementor-top-section elementor-element elementor-element-72d236f elementor-section-height-min-height elementor-section-boxed elementor-section-height-default elementor-section-items-middle exad-glass-effect-no exad-sticky-section-no\" data-id=\"72d236f\" data-element_type=\"section\" data-e-type=\"section\" data-settings=\"{&quot;background_background&quot;:&quot;classic&quot;,&quot;jet_parallax_layout_list&quot;:[]}\">\n\t\t\t\t\t\t<div class=\"elementor-container elementor-column-gap-default\">\n\t\t\t\t\t<div class=\"elementor-column elementor-col-50 elementor-top-column elementor-element elementor-element-f0ac950 exad-glass-effect-no exad-sticky-section-no\" data-id=\"f0ac950\" data-element_type=\"column\" data-e-type=\"column\" data-settings=\"{&quot;background_background&quot;:&quot;classic&quot;}\">\n\t\t\t<div class=\"elementor-widget-wrap elementor-element-populated\">\n\t\t\t\t\t\t<div class=\"elementor-element elementor-element-eaf4bb1 exad-sticky-section-no exad-glass-effect-no elementor-widget elementor-widget-image\" data-id=\"eaf4bb1\" data-element_type=\"widget\" data-e-type=\"widget\" data-widget_type=\"image.default\">\n\t\t\t\t\t\t\t\t\t\t\t\t\t\t\t<img loading=\"lazy\" decoding=\"async\" width=\"1024\" height=\"682\" src=\"https:\/\/www.serra.immo\/wp-content\/smush-webp\/2025\/03\/oficina-en-vilafranca-del-penedes-serra-1024x682.jpeg.webp\" class=\"attachment-large size-large wp-image-1245595\" alt=\"oficina a vilafranca del pened\u00e8s serra\" srcset=\"https:\/\/www.serra.immo\/wp-content\/smush-webp\/2025\/03\/oficina-en-vilafranca-del-penedes-serra-1024x682.jpeg.webp 1024w, https:\/\/www.serra.immo\/wp-content\/smush-webp\/2025\/03\/oficina-en-vilafranca-del-penedes-serra-300x200.jpeg.webp 300w, https:\/\/www.serra.immo\/wp-content\/smush-webp\/2025\/03\/oficina-en-vilafranca-del-penedes-serra-768x512.jpeg.webp 768w, https:\/\/www.serra.immo\/wp-content\/smush-webp\/2025\/03\/oficina-en-vilafranca-del-penedes-serra-1536x1023.jpeg.webp 1536w, https:\/\/www.serra.immo\/wp-content\/smush-webp\/2025\/03\/oficina-en-vilafranca-del-penedes-serra-18x12.jpeg.webp 18w, https:\/\/www.serra.immo\/wp-content\/smush-webp\/2025\/03\/oficina-en-vilafranca-del-penedes-serra-901x600.jpeg.webp 901w, https:\/\/www.serra.immo\/wp-content\/smush-webp\/2025\/03\/oficina-en-vilafranca-del-penedes-serra-496x330.jpeg.webp 496w, https:\/\/www.serra.immo\/wp-content\/smush-webp\/2025\/03\/oficina-en-vilafranca-del-penedes-serra.jpeg.webp 1600w\" sizes=\"(max-width: 1024px) 100vw, 1024px\" title=\"\">\t\t\t\t\t\t\t\t\t\t\t\t\t\t\t<\/div>\n\t\t\t\t<div class=\"elementor-element elementor-element-41f738c exad-sticky-section-no exad-glass-effect-no elementor-widget elementor-widget-text-editor\" data-id=\"41f738c\" data-element_type=\"widget\" data-e-type=\"widget\" data-widget_type=\"text-editor.default\">\n\t\t\t\t\t\t\t\t\t<p style=\"text-align: center;\">Oficina de Vilafranca del Pened\u00e8s<\/p>\t\t\t\t\t\t\t\t<\/div>\n\t\t\t\t\t<\/div>\n\t\t<\/div>\n\t\t\t\t<div class=\"elementor-column elementor-col-50 elementor-top-column elementor-element elementor-element-18e5460 exad-glass-effect-no exad-sticky-section-no\" data-id=\"18e5460\" data-element_type=\"column\" data-e-type=\"column\" data-settings=\"{&quot;background_background&quot;:&quot;classic&quot;}\">\n\t\t\t<div class=\"elementor-widget-wrap elementor-element-populated\">\n\t\t\t\t\t\t<div class=\"elementor-element elementor-element-05de5bc exad-sticky-section-no exad-glass-effect-no elementor-widget elementor-widget-image\" data-id=\"05de5bc\" data-element_type=\"widget\" data-e-type=\"widget\" data-widget_type=\"image.default\">\n\t\t\t\t\t\t\t\t\t\t\t\t\t\t\t<img loading=\"lazy\" decoding=\"async\" width=\"1024\" height=\"683\" src=\"https:\/\/www.serra.immo\/wp-content\/smush-webp\/2025\/01\/Inmobiliaria-en-Sant-Pere-de-Ribes-3.jpg.webp\" class=\"attachment-large size-large wp-image-1227986\" alt=\"comprar o vendre casa a Sant Pere de Ribes\" srcset=\"https:\/\/www.serra.immo\/wp-content\/smush-webp\/2025\/01\/Inmobiliaria-en-Sant-Pere-de-Ribes-3.jpg.webp 1024w, https:\/\/www.serra.immo\/wp-content\/smush-webp\/2025\/01\/Inmobiliaria-en-Sant-Pere-de-Ribes-3-300x200.jpg.webp 300w, https:\/\/www.serra.immo\/wp-content\/smush-webp\/2025\/01\/Inmobiliaria-en-Sant-Pere-de-Ribes-3-768x512.jpg.webp 768w, https:\/\/www.serra.immo\/wp-content\/smush-webp\/2025\/01\/Inmobiliaria-en-Sant-Pere-de-Ribes-3-18x12.jpg.webp 18w, https:\/\/www.serra.immo\/wp-content\/smush-webp\/2025\/01\/Inmobiliaria-en-Sant-Pere-de-Ribes-3-900x600.jpg.webp 900w, https:\/\/www.serra.immo\/wp-content\/smush-webp\/2025\/01\/Inmobiliaria-en-Sant-Pere-de-Ribes-3-496x331.jpg.webp 496w\" sizes=\"(max-width: 1024px) 100vw, 1024px\" title=\"\">\t\t\t\t\t\t\t\t\t\t\t\t\t\t\t<\/div>\n\t\t\t\t<div class=\"elementor-element elementor-element-f2154d6 exad-sticky-section-no exad-glass-effect-no elementor-widget elementor-widget-text-editor\" data-id=\"f2154d6\" data-element_type=\"widget\" data-e-type=\"widget\" data-widget_type=\"text-editor.default\">\n\t\t\t\t\t\t\t\t\t<p style=\"text-align: center;\">Oficina de Sant Pere de Ribes<\/p>\t\t\t\t\t\t\t\t<\/div>\n\t\t\t\t\t<\/div>\n\t\t<\/div>\n\t\t\t\t\t<\/div>\n\t\t<\/section>\n\t\t\t\t<\/div>","protected":false},"excerpt":{"rendered":"<p>Amamos lo que hacemos desde el primer d\u00eda. Equipo Serra No tocamos de o\u00eddo Nos gusta ser expertos en lo que hacemos, por eso solo contamos con gestores licenciados en derecho y\/o que disponen del t\u00edtulo de Oficial Habilitado por el Colegio de Administradores de fincas de Barcelona-Lleida. Adem\u00e1s, Fotocasa nos ha otorgado su sello [&hellip;]<\/p>\n","protected":false},"author":3,"featured_media":118,"parent":0,"menu_order":1,"comment_status":"closed","ping_status":"closed","template":"elementor_header_footer","meta":{"footnotes":""},"class_list":["post-25528","page","type-page","status-publish","has-post-thumbnail","hentry"],"_links":{"self":[{"href":"https:\/\/www.serra.immo\/ca\/wp-json\/wp\/v2\/pages\/25528","targetHints":{"allow":["GET"]}}],"collection":[{"href":"https:\/\/www.serra.immo\/ca\/wp-json\/wp\/v2\/pages"}],"about":[{"href":"https:\/\/www.serra.immo\/ca\/wp-json\/wp\/v2\/types\/page"}],"author":[{"embeddable":true,"href":"https:\/\/www.serra.immo\/ca\/wp-json\/wp\/v2\/users\/3"}],"replies":[{"embeddable":true,"href":"https:\/\/www.serra.immo\/ca\/wp-json\/wp\/v2\/comments?post=25528"}],"version-history":[{"count":44,"href":"https:\/\/www.serra.immo\/ca\/wp-json\/wp\/v2\/pages\/25528\/revisions"}],"predecessor-version":[{"id":1289923,"href":"https:\/\/www.serra.immo\/ca\/wp-json\/wp\/v2\/pages\/25528\/revisions\/1289923"}],"wp:featuredmedia":[{"embeddable":true,"href":"https:\/\/www.serra.immo\/ca\/wp-json\/"}],"wp:attachment":[{"href":"https:\/\/www.serra.immo\/ca\/wp-json\/wp\/v2\/media?parent=25528"}],"curies":[{"name":"wp","href":"https:\/\/api.w.org\/{rel}","templated":true}]}}