{"id":1175519,"date":"2024-07-10T12:39:32","date_gmt":"2024-07-10T10:39:32","guid":{"rendered":"http:\/\/www.serra.immo.mialias.net\/?page_id=1175519"},"modified":"2025-05-12T16:27:47","modified_gmt":"2025-05-12T14:27:47","slug":"immobiliaria-serra-vilafranca","status":"publish","type":"page","link":"https:\/\/www.serra.immo\/ca\/inmobiliaria-serra-vilafranca\/","title":{"rendered":"Immobili\u00e0ria Serra Vilafranca del Pened\u00e8s"},"content":{"rendered":"<div data-elementor-type=\"wp-page\" data-elementor-id=\"1175519\" class=\"elementor elementor-1175519\" data-elementor-post-type=\"page\">\n\t\t\t\t<div class=\"elementor-element elementor-element-ebe6e41 e-flex e-con-boxed e-con e-parent\" data-id=\"ebe6e41\" data-element_type=\"container\" data-e-type=\"container\" data-settings=\"{&quot;background_background&quot;:&quot;classic&quot;,&quot;jet_parallax_layout_list&quot;:[]}\">\n\t\t\t\t\t<div class=\"e-con-inner\">\n\t\t<div class=\"elementor-element elementor-element-704f5bc e-con-full e-flex e-con e-child\" data-id=\"704f5bc\" data-element_type=\"container\" data-e-type=\"container\" data-settings=\"{&quot;jet_parallax_layout_list&quot;:[]}\">\n\t\t\t\t<div class=\"elementor-element elementor-element-c877a6a elementor-align-start elementor-mobile-align-center elementor-icon-list--layout-traditional elementor-list-item-link-full_width exad-sticky-section-no exad-glass-effect-no elementor-widget elementor-widget-icon-list\" data-id=\"c877a6a\" data-element_type=\"widget\" data-e-type=\"widget\" data-widget_type=\"icon-list.default\">\n\t\t\t\t\t\t\t<ul class=\"elementor-icon-list-items\">\n\t\t\t\t\t\t\t<li class=\"elementor-icon-list-item\">\n\t\t\t\t\t\t\t\t\t\t\t<a href=\"#\">\n\n\t\t\t\t\t\t\t\t\t\t\t<span class=\"elementor-icon-list-text\">SERRA GRUP IMMOBILIARI<\/span>\n\t\t\t\t\t\t\t\t\t\t\t<\/a>\n\t\t\t\t\t\t\t\t\t<\/li>\n\t\t\t\t\t\t<\/ul>\n\t\t\t\t\t\t<\/div>\n\t\t\t\t<div class=\"elementor-element elementor-element-f1c5149 exad-sticky-section-no exad-glass-effect-no elementor-widget elementor-widget-heading\" data-id=\"f1c5149\" data-element_type=\"widget\" data-e-type=\"widget\" data-widget_type=\"heading.default\">\n\t\t\t\t\t<h1 class=\"elementor-heading-title elementor-size-default\">Immobili\u00e0ria a Vilafranca del Pened\u00e8s<\/h1>\t\t\t\t<\/div>\n\t\t<div class=\"elementor-element elementor-element-806ad97 e-grid e-con-full e-con e-child\" data-id=\"806ad97\" data-element_type=\"container\" data-e-type=\"container\" data-settings=\"{&quot;jet_parallax_layout_list&quot;:[]}\">\n\t\t\t\t<div class=\"elementor-element elementor-element-6241c28 elementor-align-center elementor-icon-list--layout-traditional elementor-list-item-link-full_width exad-sticky-section-no exad-glass-effect-no elementor-widget elementor-widget-icon-list\" data-id=\"6241c28\" data-element_type=\"widget\" data-e-type=\"widget\" data-widget_type=\"icon-list.default\">\n\t\t\t\t\t\t\t<ul class=\"elementor-icon-list-items\">\n\t\t\t\t\t\t\t<li class=\"elementor-icon-list-item\">\n\t\t\t\t\t\t\t\t\t\t\t<a href=\"https:\/\/maps.app.goo.gl\/ztjgkumCMryiL7dHA\" target=\"_blank\" rel=\"noopener\">\n\n\t\t\t\t\t\t\t\t\t\t\t\t<span class=\"elementor-icon-list-icon\">\n\t\t\t\t\t\t\t<svg aria-hidden=\"true\" class=\"e-font-icon-svg e-fas-map-marker-alt\" viewbox=\"0 0 384 512\" xmlns=\"http:\/\/www.w3.org\/2000\/svg\"><path d=\"M172.268 501.67C26.97 291.031 0 269.413 0 192 0 85.961 85.961 0 192 0s192 85.961 192 192c0 77.413-26.97 99.031-172.268 309.67-9.535 13.774-29.93 13.773-39.464 0zM192 272c44.183 0 80-35.817 80-80s-35.817-80-80-80-80 35.817-80 80 35.817 80 80 80z\"><\/path><\/svg>\t\t\t\t\t\t<\/span>\n\t\t\t\t\t\t\t\t\t\t<span class=\"elementor-icon-list-text\">Av. Tarragona 8<\/span>\n\t\t\t\t\t\t\t\t\t\t\t<\/a>\n\t\t\t\t\t\t\t\t\t<\/li>\n\t\t\t\t\t\t\t\t<li class=\"elementor-icon-list-item\">\n\t\t\t\t\t\t\t\t\t\t\t<a href=\"tel:+34938915591\">\n\n\t\t\t\t\t\t\t\t\t\t\t\t<span class=\"elementor-icon-list-icon\">\n\t\t\t\t\t\t\t<svg aria-hidden=\"true\" class=\"e-font-icon-svg e-fas-phone-alt\" viewbox=\"0 0 512 512\" xmlns=\"http:\/\/www.w3.org\/2000\/svg\"><path d=\"M497.39 361.8l-112-48a24 24 0 0 0-28 6.9l-49.6 60.6A370.66 370.66 0 0 1 130.6 204.11l60.6-49.6a23.94 23.94 0 0 0 6.9-28l-48-112A24.16 24.16 0 0 0 122.6.61l-104 24A24 24 0 0 0 0 48c0 256.5 207.9 464 464 464a24 24 0 0 0 23.4-18.6l24-104a24.29 24.29 0 0 0-14.01-27.6z\"><\/path><\/svg>\t\t\t\t\t\t<\/span>\n\t\t\t\t\t\t\t\t\t\t<span class=\"elementor-icon-list-text\">+34 938 915 591<\/span>\n\t\t\t\t\t\t\t\t\t\t\t<\/a>\n\t\t\t\t\t\t\t\t\t<\/li>\n\t\t\t\t\t\t<\/ul>\n\t\t\t\t\t\t<\/div>\n\t\t\t\t<div class=\"elementor-element elementor-element-e6478f5 elementor-align-center elementor-icon-list--layout-traditional elementor-list-item-link-full_width exad-sticky-section-no exad-glass-effect-no elementor-widget elementor-widget-icon-list\" data-id=\"e6478f5\" data-element_type=\"widget\" data-e-type=\"widget\" data-widget_type=\"icon-list.default\">\n\t\t\t\t\t\t\t<ul class=\"elementor-icon-list-items\">\n\t\t\t\t\t\t\t<li class=\"elementor-icon-list-item\">\n\t\t\t\t\t\t\t\t\t\t\t<span class=\"elementor-icon-list-icon\">\n\t\t\t\t\t\t\t<svg aria-hidden=\"true\" class=\"e-font-icon-svg e-far-clock\" viewbox=\"0 0 512 512\" xmlns=\"http:\/\/www.w3.org\/2000\/svg\"><path d=\"M256 8C119 8 8 119 8 256s111 248 248 248 248-111 248-248S393 8 256 8zm0 448c-110.5 0-200-89.5-200-200S145.5 56 256 56s200 89.5 200 200-89.5 200-200 200zm61.8-104.4l-84.9-61.7c-3.1-2.3-4.9-5.9-4.9-9.7V116c0-6.6 5.4-12 12-12h32c6.6 0 12 5.4 12 12v141.7l66.8 48.6c5.4 3.9 6.5 11.4 2.6 16.8L334.6 349c-3.9 5.3-11.4 6.5-16.8 2.6z\"><\/path><\/svg>\t\t\t\t\t\t<\/span>\n\t\t\t\t\t\t\t\t\t\t<span class=\"elementor-icon-list-text\">Dilluns a dijous, 9 \u2013 14h. i 16-18h.<\/br>Divendres, 9 \u2013 14h.<\/br>Juliol i agost, 9 - 14h<\/span>\n\t\t\t\t\t\t\t\t\t<\/li>\n\t\t\t\t\t\t<\/ul>\n\t\t\t\t\t\t<\/div>\n\t\t\t\t<\/div>\n\t\t\t\t<\/div>\n\t\t<div class=\"elementor-element elementor-element-a03463d e-con-full elementor-hidden-tablet elementor-hidden-mobile e-flex e-con e-child\" data-id=\"a03463d\" data-element_type=\"container\" data-e-type=\"container\" data-settings=\"{&quot;jet_parallax_layout_list&quot;:[]}\">\n\t\t\t\t<\/div>\n\t\t\t\t\t<\/div>\n\t\t\t\t<\/div>\n\t\t\t\t<section class=\"elementor-section elementor-top-section elementor-element elementor-element-7edc423 elementor-section-boxed elementor-section-height-default elementor-section-height-default exad-glass-effect-no exad-sticky-section-no\" data-id=\"7edc423\" data-element_type=\"section\" data-e-type=\"section\" data-settings=\"{&quot;jet_parallax_layout_list&quot;:[]}\">\n\t\t\t\t\t\t<div class=\"elementor-container elementor-column-gap-default\">\n\t\t\t\t\t<div class=\"elementor-column elementor-col-100 elementor-top-column elementor-element elementor-element-e95f841 exad-glass-effect-no exad-sticky-section-no\" data-id=\"e95f841\" data-element_type=\"column\" data-e-type=\"column\">\n\t\t\t<div class=\"elementor-widget-wrap elementor-element-populated\">\n\t\t\t\t\t\t<div class=\"elementor-element elementor-element-f4fd52c exad-sticky-section-no exad-glass-effect-no elementor-widget elementor-widget-spacer\" data-id=\"f4fd52c\" data-element_type=\"widget\" data-e-type=\"widget\" data-widget_type=\"spacer.default\">\n\t\t\t\t\t\t\t<div class=\"elementor-spacer\">\n\t\t\t<div class=\"elementor-spacer-inner\"><\/div>\n\t\t<\/div>\n\t\t\t\t\t\t<\/div>\n\t\t\t\t<section class=\"elementor-section elementor-inner-section elementor-element elementor-element-301b0eb elementor-section-full_width elementor-section-content-top elementor-section-height-default elementor-section-height-default exad-glass-effect-no exad-sticky-section-no\" data-id=\"301b0eb\" data-element_type=\"section\" data-e-type=\"section\" data-settings=\"{&quot;jet_parallax_layout_list&quot;:[]}\">\n\t\t\t\t\t\t<div class=\"elementor-container elementor-column-gap-default\">\n\t\t\t\t\t<div class=\"elementor-column elementor-col-33 elementor-inner-column elementor-element elementor-element-6eecdb6 exad-glass-effect-no exad-sticky-section-no\" data-id=\"6eecdb6\" data-element_type=\"column\" data-e-type=\"column\">\n\t\t\t<div class=\"elementor-widget-wrap elementor-element-populated\">\n\t\t\t\t\t\t<div class=\"elementor-element elementor-element-e3af0b7 animated-slow exad-sticky-section-no exad-glass-effect-no elementor-invisible elementor-widget elementor-widget-heading\" data-id=\"e3af0b7\" data-element_type=\"widget\" data-e-type=\"widget\" data-settings=\"{&quot;_animation&quot;:&quot;fadeInUp&quot;}\" data-widget_type=\"heading.default\">\n\t\t\t\t\t<h2 class=\"elementor-heading-title elementor-size-default\">Est\u00e0s buscant una immobili\u00e0ria a Vilafranca del Pened\u00e8s que t&#039;entengui, t&#039;acompanyi i faci que tot el proc\u00e9s sigui f\u00e0cil?<\/h2>\t\t\t\t<\/div>\n\t\t\t\t<div class=\"elementor-element elementor-element-e29492d animated-slow exad-sticky-section-no exad-glass-effect-no elementor-invisible elementor-widget elementor-widget-text-editor\" data-id=\"e29492d\" data-element_type=\"widget\" data-e-type=\"widget\" data-settings=\"{&quot;_animation&quot;:&quot;fadeInUp&quot;}\" data-widget_type=\"text-editor.default\">\n\t\t\t\t\t\t\t\t\t<p>A <strong>Immobili\u00e0ria Serra<\/strong>, portem d\u00e8cades ajudant persones com tu a trobar la seva llar ideal oa vendre la seva propietat amb \u00e8xit, sempre amb un tracte hum\u00e0 i proper.<\/p>\t\t\t\t\t\t\t\t<\/div>\n\t\t\t\t\t<\/div>\n\t\t<\/div>\n\t\t\t\t<div class=\"elementor-column elementor-col-33 elementor-inner-column elementor-element elementor-element-6aef3ed exad-glass-effect-no exad-sticky-section-no\" data-id=\"6aef3ed\" data-element_type=\"column\" data-e-type=\"column\">\n\t\t\t<div class=\"elementor-widget-wrap\">\n\t\t\t\t\t\t\t<\/div>\n\t\t<\/div>\n\t\t\t\t<div class=\"elementor-column elementor-col-33 elementor-inner-column elementor-element elementor-element-5f8ca7a exad-glass-effect-no exad-sticky-section-no\" data-id=\"5f8ca7a\" data-element_type=\"column\" data-e-type=\"column\">\n\t\t\t<div class=\"elementor-widget-wrap elementor-element-populated\">\n\t\t\t\t\t\t<div class=\"elementor-element elementor-element-47b188e exad-sticky-section-no exad-glass-effect-no elementor-invisible elementor-widget elementor-widget-image\" data-id=\"47b188e\" data-element_type=\"widget\" data-e-type=\"widget\" data-settings=\"{&quot;_animation&quot;:&quot;fadeInRight&quot;}\" data-widget_type=\"image.default\">\n\t\t\t\t\t\t\t\t\t\t\t\t\t\t\t<img decoding=\"async\" src=\"https:\/\/www.serra.immo\/wp-content\/uploads\/2025\/05\/Serra-tu-inmobiliaria-de-proximidad-en-Vilafranca-del-Penedes.webp\" title=\"Serra, la teva immobili\u00e0ria de proximitat a Vilafranca del Pened\u00e8s\" alt=\"Serra, la teva immobili\u00e0ria de proximitat a Vilafranca del Pened\u00e8s\" loading=\"lazy\" \/>\t\t\t\t\t\t\t\t\t\t\t\t\t\t\t<\/div>\n\t\t\t\t<div class=\"elementor-element elementor-element-cfa647a elementor-absolute exad-sticky-section-no exad-glass-effect-no elementor-invisible elementor-widget elementor-widget-image\" data-id=\"cfa647a\" data-element_type=\"widget\" data-e-type=\"widget\" data-settings=\"{&quot;_animation&quot;:&quot;fadeInRight&quot;,&quot;_position&quot;:&quot;absolute&quot;}\" data-widget_type=\"image.default\">\n\t\t\t\t\t\t\t\t\t\t\t\t\t\t\t<img fetchpriority=\"high\" decoding=\"async\" width=\"1024\" height=\"731\" src=\"https:\/\/www.serra.immo\/wp-content\/uploads\/2025\/05\/Fachada-de-nuestra-inmobiliaria-en-Vilafranca-del-Penedes-\u2013-Serra-1024x731.webp\" class=\"attachment-large size-large wp-image-1283530\" alt=\"Fa\u00e7ana de la nostra immobili\u00e0ria a Vilafranca del Pened\u00e8s \u2013 Serra\" srcset=\"https:\/\/www.serra.immo\/wp-content\/uploads\/2025\/05\/Fachada-de-nuestra-inmobiliaria-en-Vilafranca-del-Penedes-\u2013-Serra-1024x731.webp 1024w, https:\/\/www.serra.immo\/wp-content\/uploads\/2025\/05\/Fachada-de-nuestra-inmobiliaria-en-Vilafranca-del-Penedes-\u2013-Serra-300x214.webp 300w, https:\/\/www.serra.immo\/wp-content\/uploads\/2025\/05\/Fachada-de-nuestra-inmobiliaria-en-Vilafranca-del-Penedes-\u2013-Serra-768x548.webp 768w, https:\/\/www.serra.immo\/wp-content\/uploads\/2025\/05\/Fachada-de-nuestra-inmobiliaria-en-Vilafranca-del-Penedes-\u2013-Serra-18x12.webp 18w, https:\/\/www.serra.immo\/wp-content\/uploads\/2025\/05\/Fachada-de-nuestra-inmobiliaria-en-Vilafranca-del-Penedes-\u2013-Serra-840x600.webp 840w, https:\/\/www.serra.immo\/wp-content\/uploads\/2025\/05\/Fachada-de-nuestra-inmobiliaria-en-Vilafranca-del-Penedes-\u2013-Serra-496x354.webp 496w, https:\/\/www.serra.immo\/wp-content\/uploads\/2025\/05\/Fachada-de-nuestra-inmobiliaria-en-Vilafranca-del-Penedes-\u2013-Serra.webp 1200w\" sizes=\"(max-width: 1024px) 100vw, 1024px\" title=\"\">\t\t\t\t\t\t\t\t\t\t\t\t\t\t\t<\/div>\n\t\t\t\t\t<\/div>\n\t\t<\/div>\n\t\t\t\t\t<\/div>\n\t\t<\/section>\n\t\t<div class=\"elementor-element elementor-element-f48530f elementor-hidden-tablet elementor-hidden-mobile e-flex e-con-boxed e-con e-parent\" data-id=\"f48530f\" data-element_type=\"container\" data-e-type=\"container\" data-settings=\"{&quot;jet_parallax_layout_list&quot;:[]}\">\n\t\t\t\t\t<div class=\"e-con-inner\">\n\t\t\t\t\t<\/div>\n\t\t\t\t<\/div>\n\t\t\t\t<div class=\"elementor-element elementor-element-a9ce2d2 exad-sticky-section-no exad-glass-effect-no elementor-widget elementor-widget-spacer\" data-id=\"a9ce2d2\" data-element_type=\"widget\" data-e-type=\"widget\" data-widget_type=\"spacer.default\">\n\t\t\t\t\t\t\t<div class=\"elementor-spacer\">\n\t\t\t<div class=\"elementor-spacer-inner\"><\/div>\n\t\t<\/div>\n\t\t\t\t\t\t<\/div>\n\t\t\t\t\t<\/div>\n\t\t<\/div>\n\t\t\t\t\t<\/div>\n\t\t<\/section>\n\t\t<div class=\"elementor-element elementor-element-4e586f8 e-flex e-con-boxed e-con e-parent\" data-id=\"4e586f8\" data-element_type=\"container\" data-e-type=\"container\" data-settings=\"{&quot;background_background&quot;:&quot;classic&quot;,&quot;jet_parallax_layout_list&quot;:[]}\">\n\t\t\t\t\t<div class=\"e-con-inner\">\n\t\t\t\t<div class=\"elementor-element elementor-element-002736b elementor-widget__width-initial exad-sticky-section-no exad-glass-effect-no elementor-widget elementor-widget-html\" data-id=\"002736b\" data-element_type=\"widget\" data-e-type=\"widget\" data-widget_type=\"html.default\">\n\t\t\t\t\t<iframe src=\"https:\/\/www.google.com\/maps\/embed?pb=!4v1732027798473!6m8!1m7!1sCAoSLEFGMVFpcE1QZFpMLTZiOXdKNWhrSU9aWXk0akRJa21PWDBPRkp4YUhSMFoy!2m2!1d41.34408736842296!2d1.697907722349879!3f262.3251940485795!4f-26.500951770972627!5f0.7820865974627469\" width=\"600\" height=\"450\" style=\"border:0;\" allowfullscreen=\"\" loading=\"lazy\" referrerpolicy=\"no-referrer-when-downgrade\"><\/iframe>\t\t\t\t<\/div>\n\t\t<div class=\"elementor-element elementor-element-2ac1943 e-con-full e-flex e-con e-child\" data-id=\"2ac1943\" data-element_type=\"container\" data-e-type=\"container\" data-settings=\"{&quot;jet_parallax_layout_list&quot;:[]}\">\n\t\t\t\t<div class=\"elementor-element elementor-element-0d07fab exad-sticky-section-no exad-glass-effect-no elementor-widget elementor-widget-text-editor\" data-id=\"0d07fab\" data-element_type=\"widget\" data-e-type=\"widget\" data-widget_type=\"text-editor.default\">\n\t\t\t\t\t\t\t\t\t<h2 style=\"text-align: center;\">Vilafranca del Pened\u00e8s: tradici\u00f3, naturalesa i qualitat de vida<\/h2><p>Viure a Vilafranca del Pened\u00e8s \u00e9s molt m\u00e9s que trobar una casa; \u00e9s gaudir d\u00b4un entorn \u00fanic ple de tradici\u00f3 i modernitat.<\/p><ul><li><strong>La capital del vi<\/strong>: Envoltada de vinyes i amb la denominaci\u00f3 d&#039;origen Pened\u00e8s, Vilafranca \u00e9s un lloc per als amants del bon viure.<\/li><li><strong>Cultura i comunitat<\/strong>: La Festa Major, els castellers i el seu centre hist\u00f2ric fan d&#039;aquesta ciutat un lloc vibrant i acollidor.<\/li><li><strong>Un entorn perfecte<\/strong>: Natura, tranquil\u00b7litat i una ubicaci\u00f3 estrat\u00e8gica a prop de Barcelona i Tarragona.<\/li><\/ul><p>Si est\u00e0s pensant en mudar-te aqu\u00ed o invertir, la nostra <strong>immobili\u00e0ria a Vilafranca del Pened\u00e8s<\/strong> ser\u00e0 el teu millor aliat per trobar el que cerques.<\/p>\t\t\t\t\t\t\t\t<\/div>\n\t\t\t\t<\/div>\n\t\t\t\t\t<\/div>\n\t\t\t\t<\/div>\n\t\t\t\t<section class=\"elementor-section elementor-top-section elementor-element elementor-element-df7cb16 elementor-section-full_width elementor-section-height-default elementor-section-height-default exad-glass-effect-no exad-sticky-section-no\" data-id=\"df7cb16\" data-element_type=\"section\" data-e-type=\"section\" data-settings=\"{&quot;background_background&quot;:&quot;classic&quot;,&quot;jet_parallax_layout_list&quot;:[]}\">\n\t\t\t\t\t\t<div class=\"elementor-container elementor-column-gap-default\">\n\t\t\t\t\t<div class=\"elementor-column elementor-col-100 elementor-top-column elementor-element elementor-element-d3ab680 exad-glass-effect-no exad-sticky-section-no\" data-id=\"d3ab680\" data-element_type=\"column\" data-e-type=\"column\">\n\t\t\t<div class=\"elementor-widget-wrap elementor-element-populated\">\n\t\t\t\t\t\t<div class=\"elementor-element elementor-element-b1ca5b7 exad-sticky-section-no exad-glass-effect-no elementor-widget elementor-widget-houzez_elementor_space\" data-id=\"b1ca5b7\" data-element_type=\"widget\" data-e-type=\"widget\" data-widget_type=\"houzez_elementor_space.default\">\n\t\t\t\t<div class=\"elementor-widget-container\">\n\t\t\t\t\t        <div class=\"houzez-spacer\">\n            <div class=\"houzez-spacer-inner\"><\/div>\n        <\/div>\n        \t\t\t\t<\/div>\n\t\t\t\t<\/div>\n\t\t\t\t<section class=\"elementor-section elementor-inner-section elementor-element elementor-element-7267a42 elementor-section-boxed elementor-section-height-default elementor-section-height-default exad-glass-effect-no exad-sticky-section-no elementor-invisible\" data-id=\"7267a42\" data-element_type=\"section\" data-e-type=\"section\" data-settings=\"{&quot;animation&quot;:&quot;fadeIn&quot;,&quot;jet_parallax_layout_list&quot;:[]}\">\n\t\t\t\t\t\t<div class=\"elementor-container elementor-column-gap-default\">\n\t\t\t\t\t<div class=\"elementor-column elementor-col-100 elementor-inner-column elementor-element elementor-element-c4ec2c0 exad-glass-effect-no exad-sticky-section-no\" data-id=\"c4ec2c0\" data-element_type=\"column\" data-e-type=\"column\">\n\t\t\t<div class=\"elementor-widget-wrap elementor-element-populated\">\n\t\t\t\t<div class=\"elementor-element elementor-element-fe71949 e-flex e-con-boxed e-con e-parent\" data-id=\"fe71949\" data-element_type=\"container\" data-e-type=\"container\" data-settings=\"{&quot;jet_parallax_layout_list&quot;:[]}\">\n\t\t\t\t\t<div class=\"e-con-inner\">\n\t\t\t\t<div class=\"elementor-element elementor-element-e91499a exad-sticky-section-no exad-glass-effect-no elementor-widget elementor-widget-text-editor\" data-id=\"e91499a\" data-element_type=\"widget\" data-e-type=\"widget\" data-widget_type=\"text-editor.default\">\n\t\t\t\t\t\t\t\t\t<h2 style=\"text-align: center;\">Un servei pensat per a tu<\/h2><p>Sabem que fer el pas de comprar, vendre o llogar una propietat no \u00e9s una cosa que es faci cada dia. Per aix\u00f2, a la nostra <strong>immobili\u00e0ria a Vilafranca del Pened\u00e8s<\/strong>, ens assegurem que tot sigui clar, senzill i sense angoixes.<\/p><p>Qu\u00e8 fem per tu?<\/p><ul><li><strong>Compra i venda de propietats<\/strong>: Troba aquesta casa que fa temps que buscas o ven la teva sense complicacions.<\/li><li><strong>Lloguer de pisos i cases<\/strong>: Tant si necessites un lloc on viure com una bona oportunitat d&#039;inversi\u00f3, t&#039;ajudem a trobar el millor.<\/li><li><strong>Gesti\u00f3 de comunitats i patrimoni<\/strong>: Ens encarreguem de tot perqu\u00e8 tu puguis relaxar-te.<\/li><\/ul><p>Som aqu\u00ed per acompanyar-te a cada pas del proc\u00e9s. Perqu\u00e8 per a nosaltres, no ets nom\u00e9s un client, ets part de la nostra hist\u00f2ria.<\/p>\t\t\t\t\t\t\t\t<\/div>\n\t\t\t\t\t<\/div>\n\t\t\t\t<\/div>\n\t\t\t\t\t<\/div>\n\t\t<\/div>\n\t\t\t\t\t<\/div>\n\t\t<\/section>\n\t\t\t\t<div class=\"elementor-element elementor-element-d754018 exad-sticky-section-no exad-glass-effect-no elementor-widget elementor-widget-houzez_elementor_space\" data-id=\"d754018\" data-element_type=\"widget\" data-e-type=\"widget\" data-widget_type=\"houzez_elementor_space.default\">\n\t\t\t\t<div class=\"elementor-widget-container\">\n\t\t\t\t\t        <div class=\"houzez-spacer\">\n            <div class=\"houzez-spacer-inner\"><\/div>\n        <\/div>\n        \t\t\t\t<\/div>\n\t\t\t\t<\/div>\n\t\t\t\t\t<\/div>\n\t\t<\/div>\n\t\t\t\t\t<\/div>\n\t\t<\/section>\n\t\t<div class=\"elementor-element elementor-element-27f7d3a e-flex e-con-boxed e-con e-parent\" data-id=\"27f7d3a\" data-element_type=\"container\" data-e-type=\"container\" data-settings=\"{&quot;jet_parallax_layout_list&quot;:[]}\">\n\t\t\t\t\t<div class=\"e-con-inner\">\n\t\t\t\t<div class=\"elementor-element elementor-element-43a152c elementor-arrows-position-inside elementor-pagination-position-outside exad-sticky-section-no exad-glass-effect-no elementor-widget elementor-widget-image-carousel\" data-id=\"43a152c\" data-element_type=\"widget\" data-e-type=\"widget\" data-settings=\"{&quot;slides_to_show&quot;:&quot;2&quot;,&quot;lazyload&quot;:&quot;yes&quot;,&quot;autoplay_speed&quot;:2999,&quot;navigation&quot;:&quot;both&quot;,&quot;autoplay&quot;:&quot;yes&quot;,&quot;pause_on_hover&quot;:&quot;yes&quot;,&quot;pause_on_interaction&quot;:&quot;yes&quot;,&quot;infinite&quot;:&quot;yes&quot;,&quot;speed&quot;:500,&quot;image_spacing_custom&quot;:{&quot;unit&quot;:&quot;px&quot;,&quot;size&quot;:20,&quot;sizes&quot;:[]},&quot;image_spacing_custom_tablet&quot;:{&quot;unit&quot;:&quot;px&quot;,&quot;size&quot;:&quot;&quot;,&quot;sizes&quot;:[]},&quot;image_spacing_custom_mobile&quot;:{&quot;unit&quot;:&quot;px&quot;,&quot;size&quot;:&quot;&quot;,&quot;sizes&quot;:[]}}\" data-widget_type=\"image-carousel.default\">\n\t\t\t\t\t\t\t<div class=\"elementor-image-carousel-wrapper swiper\" role=\"region\" aria-roledescription=\"carousel\" aria-label=\"Carrusel d&#039;imatges\" dir=\"ltr\">\n\t\t\t<div class=\"elementor-image-carousel swiper-wrapper\" aria-live=\"off\">\n\t\t\t\t\t\t\t\t<div class=\"swiper-slide\" role=\"group\" aria-roledescription=\"slide\" aria-label=\"1 de 12\"><figure class=\"swiper-slide-inner\"><img class=\"swiper-slide-image swiper-lazy\" data-src=\"https:\/\/www.serra.immo\/wp-content\/uploads\/2025\/05\/Inmobiliaria-en-Vilafranca-del-Penedes.webp\" alt=\"Immobili\u00e0ria a Vilafranca del Pened\u00e8s\" \/><div class=\"swiper-lazy-preloader\"><\/div><\/figure><\/div><div class=\"swiper-slide\" role=\"group\" aria-roledescription=\"slide\" aria-label=\"2 de 12\"><figure class=\"swiper-slide-inner\"><img class=\"swiper-slide-image swiper-lazy\" data-src=\"https:\/\/www.serra.immo\/wp-content\/uploads\/2025\/05\/Recepcion-de-Serra-inmobiliaria-de-confianza-en-Vilafranca-del-Penedes.webp\" alt=\"Recepci\u00f3 de Serra, immobili\u00e0ria de confian\u00e7a a Vilafranca del Pened\u00e8s\" \/><div class=\"swiper-lazy-preloader\"><\/div><\/figure><\/div><div class=\"swiper-slide\" role=\"group\" aria-roledescription=\"slide\" aria-label=\"3 de 12\"><figure class=\"swiper-slide-inner\"><img class=\"swiper-slide-image swiper-lazy\" data-src=\"https:\/\/www.serra.immo\/wp-content\/uploads\/2025\/05\/Inmobiliaria-en-Vilafranca-del-Penedes-\u2013-Oficina-Serra.webp\" alt=\"Immobili\u00e0ria a Vilafranca del Pened\u00e8s \u2013 Oficina Serra\" \/><div class=\"swiper-lazy-preloader\"><\/div><\/figure><\/div><div class=\"swiper-slide\" role=\"group\" aria-roledescription=\"slide\" aria-label=\"4 de 12\"><figure class=\"swiper-slide-inner\"><img class=\"swiper-slide-image swiper-lazy\" data-src=\"https:\/\/www.serra.immo\/wp-content\/uploads\/2025\/05\/Visitanos-en-Serra-inmobiliaria-en-Vilafranca-del-Penedes.webp\" alt=\"Visita&#039;ns a Serra, immobili\u00e0ria a Vilafranca del Pened\u00e8s\" \/><div class=\"swiper-lazy-preloader\"><\/div><\/figure><\/div><div class=\"swiper-slide\" role=\"group\" aria-roledescription=\"slide\" aria-label=\"5 de 12\"><figure class=\"swiper-slide-inner\"><img class=\"swiper-slide-image swiper-lazy\" data-src=\"https:\/\/www.serra.immo\/wp-content\/uploads\/2025\/05\/Tu-proyecto-inmobiliario-en-Vilafranca-del-Penedes-empieza-aqui.webp\" alt=\"El teu projecte immobiliari a Vilafranca del Pened\u00e8s comen\u00e7a aqu\u00ed\" \/><div class=\"swiper-lazy-preloader\"><\/div><\/figure><\/div><div class=\"swiper-slide\" role=\"group\" aria-roledescription=\"slide\" aria-label=\"6 de 12\"><figure class=\"swiper-slide-inner\"><img class=\"swiper-slide-image swiper-lazy\" data-src=\"https:\/\/www.serra.immo\/wp-content\/uploads\/2025\/05\/Asesoramiento-experto-\u2013-Inmobiliaria-en-Vilafranca-del-Penedes.webp\" alt=\"Assessorament expert \u2013 Immobili\u00e0ria a Vilafranca del Pened\u00e8s\" \/><div class=\"swiper-lazy-preloader\"><\/div><\/figure><\/div><div class=\"swiper-slide\" role=\"group\" aria-roledescription=\"slide\" aria-label=\"7 de 12\"><figure class=\"swiper-slide-inner\"><img class=\"swiper-slide-image swiper-lazy\" data-src=\"https:\/\/www.serra.immo\/wp-content\/uploads\/2025\/05\/Venta-y-alquiler-\u2013-Inmobiliaria-en-Vilafranca-del-Penedes.webp\" alt=\"Venda i lloguer \u2013 Immobili\u00e0ria a Vilafranca del Pened\u00e8s\" \/><div class=\"swiper-lazy-preloader\"><\/div><\/figure><\/div><div class=\"swiper-slide\" role=\"group\" aria-roledescription=\"slide\" aria-label=\"8 de 12\"><figure class=\"swiper-slide-inner\"><img class=\"swiper-slide-image swiper-lazy\" data-src=\"https:\/\/www.serra.immo\/wp-content\/uploads\/2025\/05\/Confia-en-Serra-inmobiliaria-en-Vilafranca-del-Penedes.webp\" alt=\"Confia a Serra, immobili\u00e0ria a Vilafranca del Pened\u00e8s\" \/><div class=\"swiper-lazy-preloader\"><\/div><\/figure><\/div><div class=\"swiper-slide\" role=\"group\" aria-roledescription=\"slide\" aria-label=\"9 de 12\"><figure class=\"swiper-slide-inner\"><img class=\"swiper-slide-image swiper-lazy\" data-src=\"https:\/\/www.serra.immo\/wp-content\/uploads\/2025\/05\/Espacio-de-atencion-personalizada-en-nuestra-inmobiliaria-de-Vilafranca.webp\" alt=\"Espai d&#039;atenci\u00f3 personalitzada a la nostra immobili\u00e0ria de Vilafranca\" \/><div class=\"swiper-lazy-preloader\"><\/div><\/figure><\/div><div class=\"swiper-slide\" role=\"group\" aria-roledescription=\"slide\" aria-label=\"10 de 12\"><figure class=\"swiper-slide-inner\"><img class=\"swiper-slide-image swiper-lazy\" data-src=\"https:\/\/www.serra.immo\/wp-content\/uploads\/2025\/05\/Oficina-local-\u2013-Inmobiliaria-en-Vilafranca-del-Penedes.webp\" alt=\"Oficina local \u2013 Immobili\u00e0ria a Vilafranca del Pened\u00e8s\" \/><div class=\"swiper-lazy-preloader\"><\/div><\/figure><\/div><div class=\"swiper-slide\" role=\"group\" aria-roledescription=\"slide\" aria-label=\"11 de 12\"><figure class=\"swiper-slide-inner\"><img class=\"swiper-slide-image swiper-lazy\" data-src=\"https:\/\/www.serra.immo\/wp-content\/uploads\/2025\/05\/Equipo-de-Serra-en-la-oficina-de-Vilafranca-del-Penedes.webp\" alt=\"Equip de Serra a l&#039;oficina de Vilafranca del Pened\u00e8s\" \/><div class=\"swiper-lazy-preloader\"><\/div><\/figure><\/div><div class=\"swiper-slide\" role=\"group\" aria-roledescription=\"slide\" aria-label=\"12 de 12\"><figure class=\"swiper-slide-inner\"><img class=\"swiper-slide-image swiper-lazy\" data-src=\"https:\/\/www.serra.immo\/wp-content\/uploads\/2025\/05\/Conoce-la-oficina-de-Serra-referente-inmobiliario-en-Vilafranca-del-Penedes.webp\" alt=\"Coneix l&#039;oficina de Serra, referent immobiliari a Vilafranca del Pened\u00e8s\" \/><div class=\"swiper-lazy-preloader\"><\/div><\/figure><\/div>\t\t\t<\/div>\n\t\t\t\t\t\t\t\t\t\t\t\t<div class=\"elementor-swiper-button elementor-swiper-button-prev\" role=\"button\" tabindex=\"0\">\n\t\t\t\t\t\t<svg aria-hidden=\"true\" class=\"e-font-icon-svg e-eicon-chevron-left\" viewbox=\"0 0 1000 1000\" xmlns=\"http:\/\/www.w3.org\/2000\/svg\"><path d=\"M646 125C629 125 613 133 604 142L308 442C296 454 292 471 292 487 292 504 296 521 308 533L604 854C617 867 629 875 646 875 663 875 679 871 692 858 704 846 713 829 713 812 713 796 708 779 692 767L438 487 692 225C700 217 708 204 708 187 708 171 704 154 692 142 675 129 663 125 646 125Z\"><\/path><\/svg>\t\t\t\t\t<\/div>\n\t\t\t\t\t<div class=\"elementor-swiper-button elementor-swiper-button-next\" role=\"button\" tabindex=\"0\">\n\t\t\t\t\t\t<svg aria-hidden=\"true\" class=\"e-font-icon-svg e-eicon-chevron-right\" viewbox=\"0 0 1000 1000\" xmlns=\"http:\/\/www.w3.org\/2000\/svg\"><path d=\"M696 533C708 521 713 504 713 487 713 471 708 454 696 446L400 146C388 133 375 125 354 125 338 125 325 129 313 142 300 154 292 171 292 187 292 204 296 221 308 233L563 492 304 771C292 783 288 800 288 817 288 833 296 850 308 863 321 871 338 875 354 875 371 875 388 867 400 854L696 533Z\"><\/path><\/svg>\t\t\t\t\t<\/div>\n\t\t\t\t\n\t\t\t\t\t\t\t\t\t<div class=\"swiper-pagination\"><\/div>\n\t\t\t\t\t\t\t\t\t<\/div>\n\t\t\t\t\t\t<\/div>\n\t\t\t\t\t<\/div>\n\t\t\t\t<\/div>\n\t\t\t\t<section class=\"elementor-section elementor-top-section elementor-element elementor-element-7a28792a elementor-section-full_width elementor-section-height-default elementor-section-height-default exad-glass-effect-no exad-sticky-section-no\" data-id=\"7a28792a\" data-element_type=\"section\" data-e-type=\"section\" data-settings=\"{&quot;background_background&quot;:&quot;classic&quot;,&quot;jet_parallax_layout_list&quot;:[]}\">\n\t\t\t\t\t\t<div class=\"elementor-container elementor-column-gap-default\">\n\t\t\t\t\t<div class=\"elementor-column elementor-col-100 elementor-top-column elementor-element elementor-element-1c3c2507 exad-glass-effect-no exad-sticky-section-no\" data-id=\"1c3c2507\" data-element_type=\"column\" data-e-type=\"column\">\n\t\t\t<div class=\"elementor-widget-wrap elementor-element-populated\">\n\t\t\t\t\t\t<div class=\"elementor-element elementor-element-5ec8f013 exad-sticky-section-no exad-glass-effect-no elementor-widget elementor-widget-houzez_elementor_space\" data-id=\"5ec8f013\" data-element_type=\"widget\" data-e-type=\"widget\" data-widget_type=\"houzez_elementor_space.default\">\n\t\t\t\t<div class=\"elementor-widget-container\">\n\t\t\t\t\t        <div class=\"houzez-spacer\">\n            <div class=\"houzez-spacer-inner\"><\/div>\n        <\/div>\n        \t\t\t\t<\/div>\n\t\t\t\t<\/div>\n\t\t\t\t<section class=\"elementor-section elementor-inner-section elementor-element elementor-element-4d23d5f6 elementor-section-boxed elementor-section-height-default elementor-section-height-default exad-glass-effect-no exad-sticky-section-no elementor-invisible\" data-id=\"4d23d5f6\" data-element_type=\"section\" data-e-type=\"section\" data-settings=\"{&quot;animation&quot;:&quot;fadeIn&quot;,&quot;jet_parallax_layout_list&quot;:[]}\">\n\t\t\t\t\t\t<div class=\"elementor-container elementor-column-gap-default\">\n\t\t\t\t\t<div class=\"elementor-column elementor-col-100 elementor-inner-column elementor-element elementor-element-5a89974a exad-glass-effect-no exad-sticky-section-no\" data-id=\"5a89974a\" data-element_type=\"column\" data-e-type=\"column\">\n\t\t\t<div class=\"elementor-widget-wrap elementor-element-populated\">\n\t\t\t\t\t\t<div class=\"elementor-element elementor-element-b0c67c5 exad-sticky-section-no exad-glass-effect-no elementor-widget elementor-widget-text-editor\" data-id=\"b0c67c5\" data-element_type=\"widget\" data-e-type=\"widget\" data-widget_type=\"text-editor.default\">\n\t\t\t\t\t\t\t\t\t<h2 style=\"text-align: center;\">Per qu\u00e8 escollir-nos com la teva immobili\u00e0ria a Vilafranca del Pened\u00e8s<\/h2><p>A <strong>Immobili\u00e0ria Serra<\/strong>, no tractem amb propietats, tractem amb persones. Per aix\u00f2, ens esforcem a entendre les teves necessitats i adaptar-nos al que realment cerques. Aix\u00f2 \u00e9s el que ens fa diferents:<\/p><ul><li><strong>Coneixement local<\/strong>: Som d&#039;aqu\u00ed i coneixem Vilafranca com el palmell de la nostra m\u00e0. Sabem on s\u00f3n les millors oportunitats per a tu.<\/li><li><strong>Proximitat i confian\u00e7a<\/strong>: No volem ser nom\u00e9s la teva immobili\u00e0ria, volem ser aquest equip en qu\u00e8 confies i al que sempre pots acudir.<\/li><li><strong>Proc\u00e9s transparent<\/strong>: Res de complicacions ni sorpreses. Tot clar, segur i senzill.<\/li><\/ul><h2 style=\"text-align: center;\">Les millors zones per viure a Vilafranca del Pened\u00e8s<\/h2><p>Cada barri de Vilafranca t\u00e9 el seu encant, i som aqu\u00ed per ajudar-te a trobar el que millor s&#039;adapti a tu:<\/p><ul><li><strong>Centre hist\u00f2ric<\/strong>: El cor de la ciutat, ple d&#039;hist\u00f2ria, cultura i vida.<\/li><li><strong>La Girada<\/strong>: Ideal per a fam\u00edlies, amb zones modernes, parcs i tots els serveis a m\u00e0.<\/li><li><strong>Les Clotes<\/strong>: Una opci\u00f3 tranquil\u00b7la i residencial, perfecta per als que busquen calma sense allunyar-se gaire del centre.<\/li><li><strong>Barceloneta \u2013 Sant Mag\u00ed<\/strong>: Envoltat de natura i vinyes, un lloc on desconnectar i gaudir de la tranquil\u00b7litat.<\/li><\/ul><p>Amb la nostra <strong>immobili\u00e0ria a Vilafranca del Pened\u00e8s<\/strong>, trobar\u00e0s el barri que millor encaixi amb tu i amb el teu estil de vida.<\/p><p>\u00a0<\/p>\t\t\t\t\t\t\t\t<\/div>\n\t\t\t\t\t<\/div>\n\t\t<\/div>\n\t\t\t\t\t<\/div>\n\t\t<\/section>\n\t\t\t\t<div class=\"elementor-element elementor-element-765c04c4 exad-sticky-section-no exad-glass-effect-no elementor-widget elementor-widget-houzez_elementor_space\" data-id=\"765c04c4\" data-element_type=\"widget\" data-e-type=\"widget\" data-widget_type=\"houzez_elementor_space.default\">\n\t\t\t\t<div class=\"elementor-widget-container\">\n\t\t\t\t\t        <div class=\"houzez-spacer\">\n            <div class=\"houzez-spacer-inner\"><\/div>\n        <\/div>\n        \t\t\t\t<\/div>\n\t\t\t\t<\/div>\n\t\t\t\t\t<\/div>\n\t\t<\/div>\n\t\t\t\t\t<\/div>\n\t\t<\/section>\n\t\t\t\t<section class=\"elementor-section elementor-top-section elementor-element elementor-element-d697be0 elementor-section-boxed elementor-section-height-default elementor-section-height-default exad-glass-effect-no exad-sticky-section-no\" data-id=\"d697be0\" data-element_type=\"section\" data-e-type=\"section\" data-settings=\"{&quot;jet_parallax_layout_list&quot;:[]}\">\n\t\t\t\t\t\t<div class=\"elementor-container elementor-column-gap-default\">\n\t\t\t\t\t<div class=\"elementor-column elementor-col-100 elementor-top-column elementor-element elementor-element-819d05c exad-glass-effect-no exad-sticky-section-no\" data-id=\"819d05c\" data-element_type=\"column\" data-e-type=\"column\">\n\t\t\t<div class=\"elementor-widget-wrap elementor-element-populated\">\n\t\t\t\t\t\t<div class=\"elementor-element elementor-element-5e19201 exad-sticky-section-no exad-glass-effect-no elementor-widget elementor-widget-spacer\" data-id=\"5e19201\" data-element_type=\"widget\" data-e-type=\"widget\" data-widget_type=\"spacer.default\">\n\t\t\t\t\t\t\t<div class=\"elementor-spacer\">\n\t\t\t<div class=\"elementor-spacer-inner\"><\/div>\n\t\t<\/div>\n\t\t\t\t\t\t<\/div>\n\t\t\t\t<section class=\"elementor-section elementor-inner-section elementor-element elementor-element-6a18b16 elementor-section-full_width animated-slow elementor-section-height-default elementor-section-height-default exad-glass-effect-no exad-sticky-section-no elementor-invisible\" data-id=\"6a18b16\" data-element_type=\"section\" data-e-type=\"section\" data-settings=\"{&quot;animation&quot;:&quot;fadeIn&quot;,&quot;jet_parallax_layout_list&quot;:[]}\">\n\t\t\t\t\t\t<div class=\"elementor-container elementor-column-gap-default\">\n\t\t\t\t\t<div class=\"elementor-column elementor-col-50 elementor-inner-column elementor-element elementor-element-740e0e8 exad-glass-effect-no exad-sticky-section-no\" data-id=\"740e0e8\" data-element_type=\"column\" data-e-type=\"column\">\n\t\t\t<div class=\"elementor-widget-wrap elementor-element-populated\">\n\t\t\t\t\t\t<div class=\"elementor-element elementor-element-6233b0f elementor-widget__width-initial animated-slow exad-sticky-section-no exad-glass-effect-no elementor-invisible elementor-widget elementor-widget-image\" data-id=\"6233b0f\" data-element_type=\"widget\" data-e-type=\"widget\" data-settings=\"{&quot;_animation&quot;:&quot;fadeIn&quot;}\" data-widget_type=\"image.default\">\n\t\t\t\t\t\t\t\t\t\t\t\t\t\t\t<img decoding=\"async\" width=\"857\" height=\"1200\" src=\"https:\/\/www.serra.immo\/wp-content\/uploads\/2025\/05\/Tu-hogar-empieza-en-Serra-inmobiliaria-en-Vilafranca-del-Penedes.webp\" class=\"attachment-full size-full wp-image-1283537\" alt=\"La teva llar comen\u00e7a a Serra, immobili\u00e0ria a Vilafranca del Pened\u00e8s\" srcset=\"https:\/\/www.serra.immo\/wp-content\/uploads\/2025\/05\/Tu-hogar-empieza-en-Serra-inmobiliaria-en-Vilafranca-del-Penedes.webp 857w, https:\/\/www.serra.immo\/wp-content\/uploads\/2025\/05\/Tu-hogar-empieza-en-Serra-inmobiliaria-en-Vilafranca-del-Penedes-214x300.webp 214w, https:\/\/www.serra.immo\/wp-content\/uploads\/2025\/05\/Tu-hogar-empieza-en-Serra-inmobiliaria-en-Vilafranca-del-Penedes-731x1024.webp 731w, https:\/\/www.serra.immo\/wp-content\/uploads\/2025\/05\/Tu-hogar-empieza-en-Serra-inmobiliaria-en-Vilafranca-del-Penedes-768x1075.webp 768w, https:\/\/www.serra.immo\/wp-content\/uploads\/2025\/05\/Tu-hogar-empieza-en-Serra-inmobiliaria-en-Vilafranca-del-Penedes-9x12.webp 9w, https:\/\/www.serra.immo\/wp-content\/uploads\/2025\/05\/Tu-hogar-empieza-en-Serra-inmobiliaria-en-Vilafranca-del-Penedes-429x600.webp 429w, https:\/\/www.serra.immo\/wp-content\/uploads\/2025\/05\/Tu-hogar-empieza-en-Serra-inmobiliaria-en-Vilafranca-del-Penedes-496x695.webp 496w\" sizes=\"(max-width: 857px) 100vw, 857px\" title=\"\">\t\t\t\t\t\t\t\t\t\t\t\t\t\t\t<\/div>\n\t\t\t\t\t<\/div>\n\t\t<\/div>\n\t\t\t\t<div class=\"elementor-column elementor-col-50 elementor-inner-column elementor-element elementor-element-95e9190 exad-glass-effect-no exad-sticky-section-no\" data-id=\"95e9190\" data-element_type=\"column\" data-e-type=\"column\">\n\t\t\t<div class=\"elementor-widget-wrap elementor-element-populated\">\n\t\t\t\t\t\t<div class=\"elementor-element elementor-element-ff47e9a exad-sticky-section-no exad-glass-effect-no elementor-widget elementor-widget-text-editor\" data-id=\"ff47e9a\" data-element_type=\"widget\" data-e-type=\"widget\" data-widget_type=\"text-editor.default\">\n\t\t\t\t\t\t\t\t\t<h2 style=\"text-align: center;\">Som aqu\u00ed per ajudar-te<\/h2><p>Sabem que cada projecte immobiliari \u00e9s \u00fanic i personal. Per aix\u00f2, a <strong>Immobili\u00e0ria Serra<\/strong> posem tota la nostra experi\u00e8ncia i dedicaci\u00f3 per ajudar-te a complir els teus objectius. Ja sigui que busquis un habitatge, vulguis vendre una propietat o necessitis assessorament, estarem al teu costat a cada moment.<\/p><h2 style=\"text-align: center;\">Parlem de la teva futura llar!<\/h2><p>Trobar casa teva a Vilafranca del Pened\u00e8s no ha de ser complicat. Som aqu\u00ed per escoltar-te, assessorar-te i acompanyar-te en tot all\u00f2 que necessitis.<\/p><p><strong><a href=\"https:\/\/www.serra.immo\/ca\/\" target=\"_new\" rel=\"noopener\">Contacta&#039;ns aqu\u00ed<\/a><\/strong> o passa&#039;t per les nostres oficines. A <strong>Immobili\u00e0ria Serra<\/strong>, no nom\u00e9s gestionem propietats, gestionem il\u00b7lusions.<\/p>\t\t\t\t\t\t\t\t<\/div>\n\t\t\t\t<div class=\"elementor-element elementor-element-1705f8a elementor-align-left elementor-mobile-align-center elementor-tablet-align-center exad-sticky-section-no exad-glass-effect-no elementor-widget elementor-widget-button\" data-id=\"1705f8a\" data-element_type=\"widget\" data-e-type=\"widget\" data-widget_type=\"button.default\">\n\t\t\t\t\t\t\t\t\t\t<a class=\"elementor-button elementor-button-link elementor-size-sm\" href=\"#Contacto\">\n\t\t\t\t\t\t<span class=\"elementor-button-content-wrapper\">\n\t\t\t\t\t\t\t\t\t<span class=\"elementor-button-text\">Parla amb Nosaltres<\/span>\n\t\t\t\t\t<\/span>\n\t\t\t\t\t<\/a>\n\t\t\t\t\t\t\t\t<\/div>\n\t\t\t\t\t<\/div>\n\t\t<\/div>\n\t\t\t\t\t<\/div>\n\t\t<\/section>\n\t\t\t\t<div class=\"elementor-element elementor-element-a34e869 exad-sticky-section-no exad-glass-effect-no elementor-widget elementor-widget-spacer\" data-id=\"a34e869\" data-element_type=\"widget\" data-e-type=\"widget\" data-widget_type=\"spacer.default\">\n\t\t\t\t\t\t\t<div class=\"elementor-spacer\">\n\t\t\t<div class=\"elementor-spacer-inner\"><\/div>\n\t\t<\/div>\n\t\t\t\t\t\t<\/div>\n\t\t\t\t\t<\/div>\n\t\t<\/div>\n\t\t\t\t\t<\/div>\n\t\t<\/section>\n\t\t<div class=\"elementor-element elementor-element-78cffa27 e-con-full e-flex e-con e-parent\" data-id=\"78cffa27\" data-element_type=\"container\" data-e-type=\"container\" data-settings=\"{&quot;jet_parallax_layout_list&quot;:[]}\">\n\t\t\t\t<div class=\"elementor-element elementor-element-31210ed exad-sticky-section-no exad-glass-effect-no elementor-widget elementor-widget-html\" data-id=\"31210ed\" data-element_type=\"widget\" data-e-type=\"widget\" data-widget_type=\"html.default\">\n\t\t\t\t\t<iframe src=\"https:\/\/www.google.com\/maps\/embed?pb=!1m18!1m12!1m3!1d2995.3810681182995!2d1.6952605123375792!3d41.34407027118577!2m3!1f0!2f0!3f0!3m2!1i1024!2i768!4f13.1!3m3!1m2!1s0x12a4798bfb78ffc9%3A0x450dfdc5b2662d2f!2sSerra%20Grup%20Immobiliari%20Vilafranca!5e0!3m2!1ses!2ses!4v1720608049698!5m2!1ses!2ses\" width=\"100%\" height=\"350\" style=\"border:0;\" allowfullscreen=\"\" loading=\"lazy\" referrerpolicy=\"no-referrer-when-downgrade\"><\/iframe>\t\t\t\t<\/div>\n\t\t\t\t<\/div>\n\t\t\t\t<section class=\"elementor-section elementor-top-section elementor-element elementor-element-57cb2dd elementor-section-boxed elementor-section-height-default elementor-section-height-default exad-glass-effect-no exad-sticky-section-no elementor-invisible\" data-id=\"57cb2dd\" data-element_type=\"section\" data-e-type=\"section\" data-settings=\"{&quot;background_background&quot;:&quot;classic&quot;,&quot;animation&quot;:&quot;fadeIn&quot;,&quot;jet_parallax_layout_list&quot;:[]}\">\n\t\t\t\t\t\t<div class=\"elementor-container elementor-column-gap-default\">\n\t\t\t\t\t<div class=\"elementor-column elementor-col-100 elementor-top-column elementor-element elementor-element-146be79b exad-glass-effect-no exad-sticky-section-no\" data-id=\"146be79b\" data-element_type=\"column\" data-e-type=\"column\">\n\t\t\t<div class=\"elementor-widget-wrap elementor-element-populated\">\n\t\t\t\t\t\t<section class=\"elementor-section elementor-inner-section elementor-element elementor-element-7e18f07c elementor-section-content-middle elementor-section-boxed elementor-section-height-default elementor-section-height-default exad-glass-effect-no exad-sticky-section-no\" data-id=\"7e18f07c\" data-element_type=\"section\" data-e-type=\"section\" id=\"Contacto\" data-settings=\"{&quot;background_background&quot;:&quot;classic&quot;,&quot;jet_parallax_layout_list&quot;:[]}\">\n\t\t\t\t\t\t<div class=\"elementor-container elementor-column-gap-default\">\n\t\t\t\t\t<div class=\"elementor-column elementor-col-33 elementor-inner-column elementor-element elementor-element-5a5e3f65 exad-glass-effect-no exad-sticky-section-no\" data-id=\"5a5e3f65\" data-element_type=\"column\" data-e-type=\"column\">\n\t\t\t<div class=\"elementor-widget-wrap elementor-element-populated\">\n\t\t\t\t\t\t<div class=\"elementor-element elementor-element-3837dd8f exad-sticky-section-no exad-glass-effect-no elementor-widget elementor-widget-heading\" data-id=\"3837dd8f\" data-element_type=\"widget\" data-e-type=\"widget\" data-widget_type=\"heading.default\">\n\t\t\t\t\t<h2 class=\"elementor-heading-title elementor-size-default\">Contacta amb nosaltres<\/h2>\t\t\t\t<\/div>\n\t\t\t\t<div class=\"elementor-element elementor-element-55dcbb exad-sticky-section-no exad-glass-effect-no elementor-widget elementor-widget-text-editor\" data-id=\"55dcbb\" data-element_type=\"widget\" data-e-type=\"widget\" data-widget_type=\"text-editor.default\">\n\t\t\t\t\t\t\t\t\t<p>Disposem d\u00b4un ampli cat\u00e0leg d\u00b4immobles en venda i lloguer per cobrir totes les necessitats i oferim serveis de consultoria immobili\u00e0ria tant a propietaris com a inquilins.<\/p>\t\t\t\t\t\t\t\t<\/div>\n\t\t\t\t<div class=\"elementor-element elementor-element-602aee9e elementor-icon-list--layout-traditional elementor-list-item-link-full_width exad-sticky-section-no exad-glass-effect-no elementor-widget elementor-widget-icon-list\" data-id=\"602aee9e\" data-element_type=\"widget\" data-e-type=\"widget\" data-widget_type=\"icon-list.default\">\n\t\t\t\t\t\t\t<ul class=\"elementor-icon-list-items\">\n\t\t\t\t\t\t\t<li class=\"elementor-icon-list-item\">\n\t\t\t\t\t\t\t\t\t\t\t<a href=\"https:\/\/maps.app.goo.gl\/ztjgkumCMryiL7dHA\" target=\"_blank\" rel=\"noopener\">\n\n\t\t\t\t\t\t\t\t\t\t\t\t<span class=\"elementor-icon-list-icon\">\n\t\t\t\t\t\t\t<svg aria-hidden=\"true\" class=\"e-font-icon-svg e-fas-map-marker-alt\" viewbox=\"0 0 384 512\" xmlns=\"http:\/\/www.w3.org\/2000\/svg\"><path d=\"M172.268 501.67C26.97 291.031 0 269.413 0 192 0 85.961 85.961 0 192 0s192 85.961 192 192c0 77.413-26.97 99.031-172.268 309.67-9.535 13.774-29.93 13.773-39.464 0zM192 272c44.183 0 80-35.817 80-80s-35.817-80-80-80-80 35.817-80 80 35.817 80 80 80z\"><\/path><\/svg>\t\t\t\t\t\t<\/span>\n\t\t\t\t\t\t\t\t\t\t<span class=\"elementor-icon-list-text\">Av. Tarragona 8<\/span>\n\t\t\t\t\t\t\t\t\t\t\t<\/a>\n\t\t\t\t\t\t\t\t\t<\/li>\n\t\t\t\t\t\t\t\t<li class=\"elementor-icon-list-item\">\n\t\t\t\t\t\t\t\t\t\t\t<a href=\"tel:+34938915591\">\n\n\t\t\t\t\t\t\t\t\t\t\t\t<span class=\"elementor-icon-list-icon\">\n\t\t\t\t\t\t\t<svg aria-hidden=\"true\" class=\"e-font-icon-svg e-fas-phone-alt\" viewbox=\"0 0 512 512\" xmlns=\"http:\/\/www.w3.org\/2000\/svg\"><path d=\"M497.39 361.8l-112-48a24 24 0 0 0-28 6.9l-49.6 60.6A370.66 370.66 0 0 1 130.6 204.11l60.6-49.6a23.94 23.94 0 0 0 6.9-28l-48-112A24.16 24.16 0 0 0 122.6.61l-104 24A24 24 0 0 0 0 48c0 256.5 207.9 464 464 464a24 24 0 0 0 23.4-18.6l24-104a24.29 24.29 0 0 0-14.01-27.6z\"><\/path><\/svg>\t\t\t\t\t\t<\/span>\n\t\t\t\t\t\t\t\t\t\t<span class=\"elementor-icon-list-text\">+34 938 915 591<\/span>\n\t\t\t\t\t\t\t\t\t\t\t<\/a>\n\t\t\t\t\t\t\t\t\t<\/li>\n\t\t\t\t\t\t<\/ul>\n\t\t\t\t\t\t<\/div>\n\t\t\t\t<div class=\"elementor-element elementor-element-325c5a88 elementor-icon-list--layout-traditional elementor-list-item-link-full_width exad-sticky-section-no exad-glass-effect-no elementor-widget elementor-widget-icon-list\" data-id=\"325c5a88\" data-element_type=\"widget\" data-e-type=\"widget\" data-widget_type=\"icon-list.default\">\n\t\t\t\t\t\t\t<ul class=\"elementor-icon-list-items\">\n\t\t\t\t\t\t\t<li class=\"elementor-icon-list-item\">\n\t\t\t\t\t\t\t\t\t\t\t<span class=\"elementor-icon-list-icon\">\n\t\t\t\t\t\t\t<svg aria-hidden=\"true\" class=\"e-font-icon-svg e-far-clock\" viewbox=\"0 0 512 512\" xmlns=\"http:\/\/www.w3.org\/2000\/svg\"><path d=\"M256 8C119 8 8 119 8 256s111 248 248 248 248-111 248-248S393 8 256 8zm0 448c-110.5 0-200-89.5-200-200S145.5 56 256 56s200 89.5 200 200-89.5 200-200 200zm61.8-104.4l-84.9-61.7c-3.1-2.3-4.9-5.9-4.9-9.7V116c0-6.6 5.4-12 12-12h32c6.6 0 12 5.4 12 12v141.7l66.8 48.6c5.4 3.9 6.5 11.4 2.6 16.8L334.6 349c-3.9 5.3-11.4 6.5-16.8 2.6z\"><\/path><\/svg>\t\t\t\t\t\t<\/span>\n\t\t\t\t\t\t\t\t\t\t<span class=\"elementor-icon-list-text\">Dilluns a dijous, 9 \u2013 14h. i 16-18h.<\/br>Divendres, 9 \u2013 14h.<\/br>Juliol i agost, 9 - 14h<\/span>\n\t\t\t\t\t\t\t\t\t<\/li>\n\t\t\t\t\t\t<\/ul>\n\t\t\t\t\t\t<\/div>\n\t\t\t\t\t<\/div>\n\t\t<\/div>\n\t\t\t\t<div class=\"elementor-column elementor-col-33 elementor-inner-column elementor-element elementor-element-490a2f4b exad-glass-effect-no exad-sticky-section-no\" data-id=\"490a2f4b\" data-element_type=\"column\" data-e-type=\"column\">\n\t\t\t<div class=\"elementor-widget-wrap\">\n\t\t\t\t\t\t\t<\/div>\n\t\t<\/div>\n\t\t\t\t<div class=\"elementor-column elementor-col-33 elementor-inner-column elementor-element elementor-element-5b86b19f exad-glass-effect-no exad-sticky-section-no\" data-id=\"5b86b19f\" data-element_type=\"column\" data-e-type=\"column\">\n\t\t\t<div class=\"elementor-widget-wrap elementor-element-populated\">\n\t\t\t\t\t\t<div class=\"elementor-element elementor-element-2ceae529 elementor-button-align-stretch exad-sticky-section-no exad-glass-effect-no elementor-widget elementor-widget-houzez_elementor_inquiry_form\" data-id=\"2ceae529\" data-element_type=\"widget\" data-e-type=\"widget\" data-widget_type=\"houzez_elementor_inquiry_form.default\">\n\t\t\t\t<div class=\"elementor-widget-container\">\n\t\t\t\t\t\n        <script type=\"application\/javascript\">\n            jQuery(document).bind(\"ready\", function () {\n                houzezValidateElementor(\"#houzez-form-2ceae529\" );\n            });\n        <\/script>\n\n\n        <form class=\"elementor-form houzez-ele-form-js\" id=\"houzez-form-2ceae529\" method=\"post\" name=\"New Form\" action=\"https:\/\/www.serra.immo\/wp-admin\/admin-ajax.php\">\n            <input type=\"hidden\" name=\"form_id\" value=\"2ceae529\"\/>\n            <input type=\"hidden\" name=\"action\" value=\"houzez_ele_inquiry_form\" \/>\n            <input type=\"hidden\" name=\"source_link\" value=\"https:\/\/www.serra.immo\/ca\/inmobiliaria-serra-vilafranca\/\" \/>\n            <input type=\"hidden\" name=\"lead_page_id\" value=\"1175519\" \/>\n            <input type=\"hidden\" name=\"is_estimation\" value=\"yes\" \/>\n            <input type=\"hidden\" name=\"webhook\" value=\"\" \/>\n            <input type=\"hidden\" name=\"webhook_url\" value=\"\" \/>\n            <input type=\"hidden\" name=\"redirect_to\" value=\"\" \/>\n            <input type=\"hidden\" name=\"email_subject\" value=\"Nuevo mensaje de www.serra.immo\" \/>\n            <input type=\"hidden\" name=\"google_recaptcha\" value=\"false\" \/>\n\n            <div class=\"elementor-form-fields-wrapper elementor-labels-above\">\n\n                                    <div class=\"elementor-field-group elementor-column form-group elementor-field-group-3fe95d8 elementor-col-100 elementor-field-required\">\n                    <input type=\"text\" name=\"first_name\" id=\"form-field-3fe95d8\" class=\"elementor-field form-control elementor-size-sm elementor-field-textual\" placeholder=\"Nom\" title=\"* Nom\" required=\"required\">                    <\/div>\n\n                                        <div class=\"elementor-field-group elementor-column form-group elementor-field-group-14d96f5 elementor-col-100 elementor-field-required\">\n                    <input type=\"email\" name=\"email\" id=\"form-field-14d96f5\" class=\"elementor-field form-control elementor-size-sm elementor-field-textual\" placeholder=\"Correu electr\u00f2nic\" title=\"* Correu electr\u00f2nic\" required=\"required\">                    <\/div>\n\n                                        <div class=\"elementor-field-group elementor-column form-group elementor-field-group-2c2411a elementor-col-100 elementor-field-required\">\n                    <input type=\"text\" name=\"mobile\" id=\"form-field-2c2411a\" class=\"elementor-field form-control elementor-size-sm elementor-field-textual\" placeholder=\"Tel\u00e8fon\" title=\"* Tel\u00e8fon\" required=\"required\">                    <\/div>\n\n                    \n                    \n                                        <div class=\"form-group elementor-field-group elementor-col-100\">\n                        <label class=\"control control--checkbox m-0\">\n                                                        <input required type=\"checkbox\" name=\"gdpr_agreement\" id=\"gdpr_agreement\" aria-required=\"true\">\n                            <span class=\"control__indicator\"><\/span>\n                                                        <div class=\"gdpr-text-wrap\">\n                            *He llegit i accepto les condicions contingudes a la pol\u00edtica de privadesa sobre el tractament de les meves dades per gestionar la meva consulta o petici\u00f3.                            <\/div>\n                            \n                        <\/label>\n                    <\/div><!-- form-group -->\n                    \n                    \n                    \n                    <div class=\"elementor-field-group elementor-column elementor-field-type-submit elementor-col-100\">\n                    <button type=\"submit\" class=\"houzez-submit-button houzez-contact-form-js elementor-button elementor-size-sm\">\n                        <i class=\"houzez-loader-js houzez-hidden spinner-border spinner-border-sm\"><\/i>\n                                                    Enviar                                            <\/button>\n                <\/div>\n            <\/div><!-- End wrapper-->\n            <br\/>\n            <div class=\"ele-form-messages\"><\/div>\n            <div class=\"error-container\"><\/div>\n\n        <\/form>\n\n    \t\t\t\t<\/div>\n\t\t\t\t<\/div>\n\t\t\t\t\t<\/div>\n\t\t<\/div>\n\t\t\t\t\t<\/div>\n\t\t<\/section>\n\t\t\t\t\t<\/div>\n\t\t<\/div>\n\t\t\t\t\t<\/div>\n\t\t<\/section>\n\t\t\t\t<\/div>","protected":false},"excerpt":{"rendered":"<p>SERRA GRUP IMMOBILIARI Inmobiliaria en Vilafranca del Pened\u00e8s Av. Tarragona 8 +34 938 915 591 Lunes a jueves, 9 &#8211; 14h. y 16 &#8211; 18h.Viernes, 9 &#8211; 14h.Julio y agosto, 9 &#8211; 14h \u00bfEst\u00e1s buscando una inmobiliaria en Vilafranca del Pened\u00e8s que te entienda, te acompa\u00f1e y haga que todo el proceso sea f\u00e1cil? En [&hellip;]<\/p>\n","protected":false},"author":3,"featured_media":0,"parent":0,"menu_order":0,"comment_status":"closed","ping_status":"closed","template":"elementor_header_footer","meta":{"footnotes":""},"class_list":["post-1175519","page","type-page","status-publish","hentry"],"_links":{"self":[{"href":"https:\/\/www.serra.immo\/ca\/wp-json\/wp\/v2\/pages\/1175519","targetHints":{"allow":["GET"]}}],"collection":[{"href":"https:\/\/www.serra.immo\/ca\/wp-json\/wp\/v2\/pages"}],"about":[{"href":"https:\/\/www.serra.immo\/ca\/wp-json\/wp\/v2\/types\/page"}],"author":[{"embeddable":true,"href":"https:\/\/www.serra.immo\/ca\/wp-json\/wp\/v2\/users\/3"}],"replies":[{"embeddable":true,"href":"https:\/\/www.serra.immo\/ca\/wp-json\/wp\/v2\/comments?post=1175519"}],"version-history":[{"count":65,"href":"https:\/\/www.serra.immo\/ca\/wp-json\/wp\/v2\/pages\/1175519\/revisions"}],"predecessor-version":[{"id":1283638,"href":"https:\/\/www.serra.immo\/ca\/wp-json\/wp\/v2\/pages\/1175519\/revisions\/1283638"}],"wp:attachment":[{"href":"https:\/\/www.serra.immo\/ca\/wp-json\/wp\/v2\/media?parent=1175519"}],"curies":[{"name":"wp","href":"https:\/\/api.w.org\/{rel}","templated":true}]}}